{"id":145,"date":"2015-06-25T15:31:55","date_gmt":"2015-06-25T13:31:55","guid":{"rendered":"http:\/\/theodorabauer.at\/?page_id=145"},"modified":"2024-05-01T12:25:00","modified_gmt":"2024-05-01T10:25:00","slug":"publikationen","status":"publish","type":"page","link":"https:\/\/theodorabauer.at\/?page_id=145","title":{"rendered":"Publikationen"},"content":{"rendered":"<p>&nbsp;<\/p>\r\n<hr \/>\r\n<p><strong>Romane<\/strong><\/p>\r\n<p>\u201eGl\u00fchen\u201c. Roman. Berlin: Rowohlt Berlin Verlag. 2024.<\/p>\r\n<p>\u201eChikago\u201c. Roman. Wien: Picus Verlag. 2017.<\/p>\r\n<p style=\"text-align: justify;\">\u201eDas Fell der Tante Meri\u201c. Roman. Wien: Picus Verlag. 2014.<\/p>\r\n<hr \/>\r\n<p style=\"text-align: justify;\"><strong>Theaterst\u00fccke<\/strong><\/p>\r\n<p>&#8222;Kleine Geister&#8220;. Auftragswerk f\u00fcr das Schauspielhaus Salzburg. UA 2024 am Schauspielhaus Salzburg.<\/p>\r\n<p>&#8222;Die Enth\u00fcllung&#8220;. (Schultz &amp; Schirm B\u00fchnenverlag) Frei zur UA.<\/p>\r\n<p style=\"text-align: justify;\">&#8222;Am Vorabend&#8220;. Paraphrase auf &#8222;Das t\u00e4gliche Leben&#8220; von Marie von Ebner-Eschenbach. (Schultz &amp; Schirm B\u00fchnenverlag) UA 2018 am Thalhof in Reichenau an der Rax<\/p>\r\n<p style=\"text-align: justify;\">&#8222;Die T\u00f6richten&#8220;. (Schultz &amp; Schirm B\u00fchnenverlag) Frei zur UA.\u00a0<\/p>\r\n<p>&#8222;papier.waren.pospischil&#8220;. (Schultz &amp; Schirm B\u00fchnenverlag) UA 2019 am Salzburger Landestheater.\u00a0<\/p>\r\n<hr \/>\r\n<p><strong>Zeitschriften, Sammelb\u00e4nde, kleinere Monographien, etc. (Ausschnitt)<\/strong><\/p>\r\n<p>\u201eSp\u00e4ter wird es wieder morgen\u201c In: LICHTUNGEN. Zeitschrift f\u00fcr Literatur, Kunst und Zeitkritik. Nr. 177\/2024.<\/p>\r\n<p>\u201eNN\u201c In: Brusatti, Otto [Hrsg.]: \u201eF\u00fcr K. Neue Geschichten und Bilder f\u00fcr Franz Kafka. Gesammelt zum 100. Todestag.\u201c Wien: echomedia buchverlag. 2024.<\/p>\r\n<p>\u201eWesen &#8211; Von wo der Abend kommt\u201c In: manuskripte. Zeitschrift f\u00fcr Literatur. Nr. 236\/Juni 2022.<\/p>\r\n<p>\u201eW_RCCAR1\u201c In: worte bewegen. Erz\u00e4hlungen. Sammelband zu Stieglerhaus &#8211; 2. \u00d6sterreichischer Literaturpreis f\u00fcr Erz\u00e4hlungen. Wien: Braum\u00fcller. 2022.<\/p>\r\n<p>\u201eEin Rezept f\u00fcr das Burgenland.\u201c In: Menasse, Peter\/Wagner, Wolfgang [Hrsg.]: Vom Kommen und Gehen. Betrachtungen von Zu- und Weggereisten.\u201c Wien\/K\u00f6ln\/Weimar: B\u00f6hlau Verlag. 2021.<\/p>\r\n<p>\u201eWas ist globales Schreiben? &#8211; Ist globales Schreiben?\u201c In: The German Quarterly. A Journal of the American Association of Teachers of German. Vol. 94\/1 &#8211; Winter 2021.<\/p>\r\n<p>\u201eDer Daumen\u201c. Erz\u00e4hlung im Sammelband \u201eEine STADT. Ein BUCH. 29 Kurzgeschichten aus Wien.\u201c Wien: echomedia buchverlag. 2020.<\/p>\r\n<p>\u201eDer K\u00fcnstler und das Werk.\u201c Ein Text zu Benjamin Britten und seiner Oper \u201eA Midsummer Night&#8217;s Dream\u201c im Programmheft zur neuen Produktion der Wiener Staatsoper. 2019.<\/p>\r\n<p>\u201eEin ewiges Vergessen. Scharren im Staub der Zeit. Gedanken \u00fcber Kindheit\u201c In: Barbaro, Alain\/Rieger Barbara [Hrsg.]: Kinder der Poesie. \u00d6sterreichische AutorInnen in Schwarzwei\u00df. Wien: Kremayr &amp; Scheriau. 2019.<\/p>\r\n<p>\u201eDer Sumpf. Krokodile, Sonne, und das Ende der Zeit.\u201c In: The Red Bulletin. Abseits des Allt\u00e4glichen. 9\/2019.<\/p>\r\n<p>\u201eEin Zusammenbruch auf Raten. Die unterschiedlichen F\u00e4den des Untergangs und ich rupfe sie alle aus.\u201c In: Die vielen Gesichter von 1918\/The many faces of 1918. Anthologie mit 17 Sichtweisen. Anthologie anl\u00e4sslich des Gedenkjahres 2018, herausgegeben von den Botschaften der 17 teilnehmenden L\u00e4nder in Luxemburg und dem Luxemburgerischen Kulturministerium. Luxembourg: Imprimerie Centrale. 2018.<\/p>\r\n<p>\u201eRom und Lieben. 6 h\u00e4ssliche Bilder.\u201c In: LICHTUNGEN. Zeitschrift f\u00fcr Literatur, Kunst und Zeitkritik. Nr. 149\/2017.<\/p>\r\n<p>\u201eDie T\u00f6richten. Eine Jugendgeschichte\u201c. Erz\u00e4hlung. Wien: Edition Taschenspiel. 2016.<\/p>\r\n<p>\u201eCos\u00ec fanno i filosofi\u201c. Essay, erschienen in der Reihe Limbus Preziosen. Innsbruck: Limbus Verlag. 2016.<\/p>\r\n<p>\u201estillleben mit berg und kapelle. ein ernsthafter versuch. gedichte.\u201c In: manuskripte. Zeitschrift f\u00fcr Literatur. Nr. 211\/Fr\u00fchjahr 2016.<\/p>\r\n<p>\u201eDie Sache an der zweiten Stra\u00dfe\u201c In: Nadine Kegele, Manfred M\u00fcller [Hrsg.]: Hinter dem Gesetz. 12 Texte junger \u00f6sterreichischer AutorInnen zu Kafka, Recht und Ordnung. Wien: luftschacht verlag, 2015.<\/p>\r\n<p>\u201eein protokoll der hartn\u00e4ckigen freuden. was mir von diesem sommer so s\u00fc\u00df noch im ged\u00e4chtnis klebt.\u201c In: Simonsen, Beatrice [Hrsg.]: Grenzr\u00e4ume. Eine literarische Spurensuche im Burgenland. Oberwart: edition lex liszt 12. 2015.<\/p>\r\n<p>\u201eKn\u00f6chelverzeichnis\u201c. Erschienen in der Rubrik Prosa. In: the gap. Magazin f\u00fcr Glamour und Diskurs. Nr. 148\/Februar 2015.<\/p>\r\n<p>\u201emeinburgenland. eine lethargie. mit abschlie\u00dfender aufbruchsstimmung.\u201c In: Gerbavsits, Michael\/Pehm, Georg\/Schneeberger, Walter [Hrsg.]: Mein Burgenland. Ansichten. Einsichten. Aussichten. Graz: Leykam Verlag. 2014.<\/p>\r\n<p>\u201eman spielt nicht mit dem essen und wenn dann so, dass es durch die finger rinnt. gedichte.\u201c In: manuskripte. Zeitschrift f\u00fcr Literatur. Nr. 205\/September 2014.<\/p>\r\n<p>\u201eLetzte Stunden\u201c. In: L\u00f6cker, Dorothea\/Potyka, Alexander [Hrsg.]: Mordserfolg. Sechzehn Kurzkrimis. (Geburtstagsanthologie anl\u00e4sslich 30 Jahre Picus Verlag.) Wien: Picus Verlag. 2014.<\/p>\r\n<p>\u201eDas Fell der Tante Meri\u201c. Gelesen von: Barbara Horvath. Radio \u00d61. In der Reihe: Texte \u2013 Neue Literatur aus \u00d6sterreich. Sendetermin: 29.7.2013<\/p>\r\n<p>\u201e2 Gedichte\u201c. In: kolik 59. Zeitschrift f\u00fcr Literatur. Juni 2013.<\/p>\r\n<p>\u201eColaDosenFutter\u201c Thema: Untergrund, kunterbunt &amp; Radieschen. In: &amp;Radieschen. Nr. 24.<\/p>\r\n<p>\u201eIch schlie\u00dfe auf Sonne.\u201c Thema: \u201eBrandreden\u201c. In: podium. Doppelheft 165\/166. Herbst\/Winter 2012.<\/p>\r\n<p>\u201eBlumen\u201c, \u201eSchatz I\/II\/III\u201c. Thema: \u201ewort_schatz\u201c. In: wortwerk. zeitschrift f\u00fcr lyrik. Nr. 9 \u2013 1\/12.<\/p>\r\n<p>\u201eBrauhaus Zwettl, August, 2009\u201c In: DUM. Das Ultimative Magazin. Jahrgang 14. Nr. 60\/2011 \u2013 Stoff. Von Mode bis Mafia.<\/p>\r\n<p style=\"text-align: justify;\">\u201eBlauschimmel\u201c. Gelesen von: Barbara Horvath. Radio \u00d61. In der Reihe: Texte \u2013 Neue Literatur aus \u00d6sterreich. Sendetermin: 12.7.2010.<\/p>\r\n<hr \/>\r\n<p><strong>Zeitungen<\/strong><\/p>\r\n<p>\u201eGeschichte einer begrenzten Entgrenzung\u201c In: Kleine Zeitung vom 07.11.21.<\/p>\r\n<p>\u201eImmer \u00c4rger mit der Bank\u201c Gastkommentar zum Commerzialbank-Skandal im NEWS-Magazin vom 21.8.20.<\/p>\r\n<p>\u201eIm Takt des L\u00f6ffels\u201c In: Spectrum\/Die Presse vom 6.3.20.<\/p>\r\n<p>\u201eDas Burgenland: Eine Gebrauchsanweisung\u201c In: Kleine Zeitung vom 26.1.20.<\/p>\r\n<p>\u201eNew York: Die Stadt der blinden Flecken\u201c In: Spectrum\/Die Presse vom 11.1.20.<\/p>\r\n<p>\u201eDie Freiheit der Fr\u00f6sche\u201c In: Die Furche vom 29.8.19.<\/p>\r\n<p>\u201eWo geht&#8217;s hier nach Europa?\u201c In: Spectrum\/Die Presse vom 29.6.18.<\/p>\r\n\r\n<p>&nbsp;<\/p>\r\n","protected":false},"excerpt":{"rendered":"<p class=\"excerpt\">&nbsp; Romane \u201eGl\u00fchen\u201c. Roman. Berlin: Rowohlt Berlin Verlag. 2024. \u201eChikago\u201c. Roman. Wien: Picus Verlag. 2017. \u201eDas Fell der Tante Meri\u201c. Roman. Wien: Picus Verlag. 2014. Theaterst\u00fccke &#8222;Kleine Geister&#8220;. Auftragswerk f\u00fcr das Schauspielhaus Salzburg. UA 2024 am Schauspielhaus Salzburg. &#8222;Die Enth\u00fcllung&#8220;. (Schultz &amp; Schirm B\u00fchnenverlag) Frei zur UA. &#8222;Am Vorabend&#8220;. Paraphrase auf &#8222;Das t\u00e4gliche Leben&#8220; von Marie von Ebner-Eschenbach. (Schultz &amp;&hellip; <a href=\"https:\/\/theodorabauer.at\/?page_id=145\">Read more &rarr;<\/a><\/p>\n","protected":false},"author":2,"featured_media":0,"parent":0,"menu_order":0,"comment_status":"closed","ping_status":"open","template":"","meta":{"footnotes":""},"_links":{"self":[{"href":"https:\/\/theodorabauer.at\/index.php?rest_route=\/wp\/v2\/pages\/145"}],"collection":[{"href":"https:\/\/theodorabauer.at\/index.php?rest_route=\/wp\/v2\/pages"}],"about":[{"href":"https:\/\/theodorabauer.at\/index.php?rest_route=\/wp\/v2\/types\/page"}],"author":[{"embeddable":true,"href":"https:\/\/theodorabauer.at\/index.php?rest_route=\/wp\/v2\/users\/2"}],"replies":[{"embeddable":true,"href":"https:\/\/theodorabauer.at\/index.php?rest_route=%2Fwp%2Fv2%2Fcomments&post=145"}],"version-history":[{"count":27,"href":"https:\/\/theodorabauer.at\/index.php?rest_route=\/wp\/v2\/pages\/145\/revisions"}],"predecessor-version":[{"id":2104,"href":"https:\/\/theodorabauer.at\/index.php?rest_route=\/wp\/v2\/pages\/145\/revisions\/2104"}],"wp:attachment":[{"href":"https:\/\/theodorabauer.at\/index.php?rest_route=%2Fwp%2Fv2%2Fmedia&parent=145"}],"curies":[{"name":"wp","href":"https:\/\/api.w.org\/{rel}","templated":true}]}}