{"id":322,"date":"2016-02-11T15:02:46","date_gmt":"2016-02-11T14:02:46","guid":{"rendered":"http:\/\/theodorabauer.at\/?page_id=322"},"modified":"2020-12-11T19:06:37","modified_gmt":"2020-12-11T18:06:37","slug":"2016-2","status":"publish","type":"page","link":"https:\/\/theodorabauer.at\/?page_id=322","title":{"rendered":"2014 &#8211; 2020"},"content":{"rendered":"<h1><strong>2014<\/strong><\/h1>\n<hr \/>\n<p><strong>13. M\u00e4rz 2014<\/strong> LINZER SALON<br \/>\nLesung im <strong>Linzer Salon<\/strong> zur Buchmesse Leipzig<br \/>\nModeration: <strong>Constanze John<\/strong><br \/>\n<strong>Stern des S\u00fcdens<\/strong>, Karl-Liebkencht-Stra\u00dfe 102, 04275 Leipzig, <strong>20:00 <\/strong><\/p>\n<hr \/>\n<p><strong>Donnerstag, 13. M\u00e4rz 2014<\/strong> LANGE LEIPZIGER LESENACHT<br \/>\nLesung im Rahmen von <strong>L3 &#8211; Lange Leipziger Lesenacht<\/strong><br \/>\n<strong>Moritzbastei<\/strong>, Universit\u00e4tsstra\u00dfe 9, 04109 Leipzig, <strong>21.00 <\/strong><\/p>\n<hr \/>\n<p><strong>Freitag, 14. M\u00e4rz 2014<\/strong> LESUNG \/ LESEREISE LEIPZIGER BUCHMESSE<br \/>\n<strong>\u00d6sterreich Caf\u00e9<\/strong>, Messe-Allee 1, 04356 Leipzig, <strong>12.30 <\/strong><\/p>\n<hr \/>\n<p><strong> Montag, 17. M\u00e4rz 2014<\/strong> DISKUSSIONSVERANSTALTUNG<br \/>\n<strong>Daniela Strigl<\/strong> und <strong>Theodora Bauer<\/strong> im Gespr\u00e4ch.<br \/>\n&#8222;Warum Literatur? Die Rolle von Kritik und Autorschaft in unserer Gesellschaft&#8220;<br \/>\n<strong>Caf\u00e9 Korb<\/strong>, Brandst\u00e4tte 9, 1010 Wien, <strong>19.30<\/strong><br \/>\nDie Veranstaltung wird organisiert vom <strong>Club Alpbach Burgenland<\/strong>. Moderation: <strong>Iris Himmlmayr<\/strong><\/p>\n<hr \/>\n<p><strong> Dienstag, 18. M\u00e4rz 2014<\/strong> BUCHPR\u00c4SENTATION<br \/>\n<strong>IM ERSTEN<\/strong>, Sonnenfelsgasse 3, 1010 Wien, <strong>19.30 <\/strong><br \/>\n<a href=\"http:\/\/www.imersten.com\/Im-Ersten\/event\/buchpremiere-das-fell-der-tante-meri\/\">http:\/\/www.imersten.com\/Im-Ersten\/event\/buchpremiere-das-fell-der-tante-meri\/<\/a><\/p>\n<hr \/>\n<p><strong>Mittwoch, 19. M\u00e4rz 2014<\/strong> SCHULLESUNG<br \/>\n<strong>BG\/BRG\/BORG Kurzwiese<\/strong>, Kurzwiese, 7000 Eisenstadt, <strong>9:00<\/strong> im Festsaal<br \/>\nVeranstaltung in Kooperation mit dem <strong>Literaturhaus Mattersburg<\/strong><\/p>\n<hr \/>\n<p><strong>Mittwoch, 19. M\u00e4rz 2014 <\/strong>LESUNG<br \/>\n<strong>Buchhandlung NENTWICH Eisenstadt<\/strong>, Hauptstra\u00dfe 39, 7000 Eisenstadt, <strong>19:00 <\/strong><br \/>\nVeranstaltung in Kooperation mit dem <strong>Literaturhaus Mattersburg<\/strong><\/p>\n<hr \/>\n<p><strong>Freitag, 21. M\u00e4rz 2014<\/strong> WORTSPIELE<br \/>\n<strong>Porgy und Bess<\/strong>, Riemergasse 11, 1010 Wien, <strong>21.20 <\/strong><\/p>\n<hr \/>\n<p>April, LESUNG<br \/>\nLesung an der UIUC<\/p>\n<hr \/>\n<p>Juli, FERNSEHAUFTRITT<br \/>\nLitera.Tour<\/p>\n<hr \/>\n<p><strong>Dienstag, 16. September 2014<\/strong> FERNSEHAUFTRITT<br \/>\nER.LESEN Diskussionssendung mit <strong>Josef Ostermayer<\/strong>, <strong>Elfriede Ott<\/strong>, <strong>Josef Winkler<\/strong> und <strong>Theodora Bauer<\/strong>. Moderiert von <strong>Heinz Sichrovsky<\/strong>.<br \/>\n<strong>ORF III, 20:15 und 23:45<\/strong><br \/>\nIm Anschluss daran ist die Sendung unter diesem Link sieben Tage in der TvThek zu streamen:<br \/>\n<a href=\"http:\/\/tvthek.orf.at\/program\/Erlesen\/3078549\">http:\/\/tvthek.orf.at\/program\/Erlesen\/3078549<\/a><\/p>\n<hr \/>\n<p>!!! WEGEN KRANKHEIT ABGESAGT !!!<\/p>\n<p><strong>Mittwoch, 24. September 2014<\/strong> LESUNG<br \/>\nApotheke <strong>&#8222;Zum L\u00f6wen von Aspern&#8220;<\/strong><br \/>\nGro\u00df Enzersdorferstra\u00dfe 4, 1220 Wien, <strong>19:00<\/strong><br \/>\n<a href=\"http:\/\/www.apo-aspern.at\/\">http:\/\/www.apo-aspern.at\/<\/a><\/p>\n<hr \/>\n<p><strong>Samstag, 27. September 2014<\/strong> LESUNG<br \/>\nLesung im Rahmen der <strong>Septemberlese<\/strong>. Au\u00dfer mir lesen an diesem Tag noch die wunderbare <strong>Barbara Coudenhove-Kalergi<\/strong> (18:00, Schloss Gobelsburg) und <strong>Tanja Maljartschuk<\/strong> (22:00, Ursin Haus)<br \/>\n<strong>Weingut Fred Loimer<\/strong>, Haindorfer V\u00f6gerlweg 23, 3550 Langenlois, <strong>20:00<\/strong><br \/>\n<a href=\"http:\/\/www.langenloiskultur.at\/events\/veranstaltungen\/septemberlese-2014\/\">http:\/\/www.langenloiskultur.at\/events\/veranstaltungen\/septemberlese-2014\/<\/a><\/p>\n<hr \/>\n<p><strong>Freitag, 23. Oktober 2014<\/strong> FERNSEHAUFTRITT<br \/>\n<strong>Theodora Bauer<\/strong> zu Gast bei <strong>&#8222;St\u00f6ckl.&#8220;<\/strong><br \/>\nMit <strong>Theodora Bauer<\/strong>, <strong>Fritz Orter<\/strong>, <strong>Marianne F\u00fcrstin zu Sayn-Wittgenstein-Sayn<\/strong> und <strong>Christine Wallner<\/strong><br \/>\nORF II, 23:05<\/p>\n<hr \/>\n<p><strong>Mittwoch, 29. Oktober 2014<\/strong>, LESUNG<br \/>\nLesung im Rahmen der Reihe &#8222;<strong>Textvorstellungen<\/strong>&#8222;. Motto: &#8222;Familienaufstellung&#8220;.<br \/>\nEs lesen <strong>Theodora Bauer<\/strong>, <strong>Ruth Asp\u00f6ck<\/strong> und <strong>Max K\u00fcbeck<\/strong>. Moderation: <strong>Angelika Reitzer<\/strong>.<br \/>\n<strong>Alte Schmiede<\/strong>, Sch\u00f6nlaterngasse 9, 1010 Wien, <strong>19:00<\/strong><br \/>\n<a href=\"http:\/\/www.alte-schmiede.at\/index.php?option=com_content&amp;view=category&amp;layout=blog&amp;id=71&amp;Itemid=165\">http:\/\/www.alte-schmiede.at\/index.php?option=com_content&amp;view=category&amp;layout=blog&amp;id=71&amp;Itemid=165<\/a><\/p>\n<hr \/>\n<p>Manuskripte Preisverleihung<\/p>\n<hr \/>\n<h1><strong>2015<\/strong><\/h1>\n<hr \/>\n<p><strong>Mittwoch, 11. Februar<\/strong> 2015 LESEREISE BR\u00dcSSEL<br \/>\n<strong>Lesung<\/strong> in Br\u00fcssel<br \/>\n<strong>Verbindungsb\u00fcro Burgenland<\/strong>, Avenue de Tervueren, 58, B-1040 Bruxelles, <strong>18:30<\/strong><\/p>\n<hr \/>\n<p><strong>Dienstag, 24. Februar 2015<\/strong> LESEREISE T\u00dcRKEI<br \/>\n<strong>Lesung<\/strong> in Kooperation mit dem <strong>\u00d6sterreichischen Kulturforum Istanbul<\/strong><br \/>\n<strong>\u00d6sterreichbibliothek, St. Georgs Kolleg<\/strong>, Bankalar Cad, Kart \u00c7\u0131nar Sok. 2, Karak\u00f6y, \u0130stanbul, <strong>19:00<\/strong><\/p>\n<hr \/>\n<p><strong>Donnerstag, 26. Februar 2015<\/strong> LESEREISE T\u00dcRKEI<br \/>\n<strong>Lesung<\/strong> an der <strong>Ankara Universit\u00e4t<\/strong>, Germanistikabteilung der Ankara \u00dcniversitesi, Ort und Zeit tba<\/p>\n<hr \/>\n<p><strong>Freitag, 27. Februar 2015<\/strong> LESEREISE T\u00dcRKEI<br \/>\n<strong>Lesung<\/strong> an der <strong>Privatschule der Deutschen Botschaft<\/strong> in Ankara, Ort und Zeit tba<\/p>\n<hr \/>\n<p><strong>Samstag, 7. M\u00e4rz 2015<\/strong> LESUNG<br \/>\n<strong>Lesung <\/strong>im Rahmen des Lesefestes <strong>&#8222;NEUE TEXTE&#8220;<\/strong><br \/>\n<strong>Minoritensaal Graz<\/strong>, Mariahilferplatz 3, 8020 Graz, <strong>15:35<\/strong><\/p>\n<p>Homepage des Lesefestes &#8222;NEUE TEXTE&#8220;:<br \/>\n<a href=\"http:\/\/www.kultum.at\/?d=lesefest-2015-neue-texte\">http:\/\/www.kultum.at\/?d=lesefest-2015-neue-texte<\/a><\/p>\n<hr \/>\n<p><strong>Dienstag, 10. M\u00e4rz 2015<\/strong> DISKUSSIONSVERANSTALTUNG<br \/>\n<strong>EUROPA:DIALOG<\/strong> mit <strong>Theodora Bauer<\/strong><br \/>\n<strong>Kulturpolitische Gespr\u00e4che im Haus der Europ\u00e4ischen Union<\/strong>, Moderation: <strong>Benedikt Weingartner<\/strong><br \/>\n<strong>Haus der Europ\u00e4ischen Union<\/strong>, Wipplingerstra\u00dfe 35, 1010 Wien, <strong>18:00<\/strong><\/p>\n<p>N\u00e4here Informationen hier: <a href=\"http:\/\/www.europadialog.eu\/termine\/anmeldung20150310\">http:\/\/www.europadialog.eu\/termine\/anmeldung20150310<\/a> bzw. hier: <a href=\"http:\/\/www.europadialog.eu\/folder\">http:\/\/www.europadialog.eu\/folder<\/a><\/p>\n<p>F\u00fcr alle, die nicht kommen k\u00f6nnen: Das Gespr\u00e4ch wird in der \u00d61-Sendung &#8222;Passagen&#8220; zu einem sp\u00e4teren Zeitpunkt ausgestrahlt bzw. als Video hier abrufbar sein: <a href=\"http:\/\/www.europadialog.eu\/\">http:\/\/www.europadialog.eu\/<\/a><\/p>\n<p>Anmeldung erbeten an <a href=\"mailto:info@EUROPAdialog.eu\">info@EUROPAdialog.eu<\/a><\/p>\n<hr \/>\n<p><strong>Donnerstag, 12. M\u00e4rz<\/strong> 2015 PRIVATVERANSTALTUNG<br \/>\n<strong>Lesung und Diskussion<\/strong> mit <strong>Prof. Alfred Pfabigan<\/strong>. Clubveranstaltung von <strong>Soroptimist Austria<\/strong>.<br \/>\n<strong>Hotel Sans Souci<\/strong>, Burggasse 2 , 1070 Wien, <strong>19:40<\/strong><\/p>\n<p>N\u00e4here Informationen vor der Veranstaltung hier: <a href=\"http:\/\/www.wien-belvedere.soroptimist.at\/index.php\/de\/\">http:\/\/www.wien-belvedere.soroptimist.at\/index.php\/de\/<\/a><\/p>\n<p>Anmeldungen erbeten an <a href=\"mailto:delgobbo.office@gmail.com\">delgobbo.office@gmail.com<\/a><\/p>\n<hr \/>\n<p><strong>Donnerstag, 26. M\u00e4rz<\/strong> 2015 LESUNG<br \/>\n<strong>Lesung<\/strong> in der <strong>Frida Frauenbibliothek<\/strong>, Prinz Eugen-Stra\u00dfe 12, 7400 Oberwart, <strong>18:00<\/strong><\/p>\n<hr \/>\n<p><strong>Donnerstag, 16. April <\/strong>LESUNG<br \/>\n<strong>Lesung<\/strong> aus der Jubil\u00e4umsanthologie <strong>&#8222;Mordserfolg&#8220;<\/strong>, erschienen 2014 im Picus Verlag. Es lesen <strong>Theodora Bauer<\/strong> und <strong>Stefan Slupetzky<\/strong>, musikalisch unterst\u00fctzt wird die Lesung von <strong>Tonya Ofner<\/strong> am Klavier. In Kooperation mit dem Verein <strong>Welt&amp;Co<\/strong>, Leitung: <strong>Alfred Woschitz<\/strong>.<br \/>\n<strong>Kunstraum Ewigkeitsgasse<\/strong>, Thelemangasse 6, 1170 Wien, <strong>19:30<\/strong><\/p>\n<hr \/>\n<p><strong>Donnerstag, 23. und Freitag, 24. April 2015<\/strong> SCHULLESUNGEN \/ PRIVATVERANSTALTUNG<br \/>\n<strong>Lesungen<\/strong> am Schulschiff Wien. In Kooperation mit der <strong>S\u00fcdwind-Buchwelt<\/strong>.<br \/>\n<strong>Schulschiff Wien<\/strong>, Donauinselplatz, 1210 Wien<\/p>\n<hr \/>\n<p><strong>Samstag, 25. April 2015<\/strong> LESUNG \/ FESTIVAL<br \/>\n<strong>Lesung<\/strong> am <strong>Prosafestival Innsbruck<\/strong>. Programm:<br \/>\n23.4. Heinrich Steinfest, Doris Knecht, Jonas Luescher (Stadtbibliothek)<br \/>\n24.4. Peter Stamm, Nora Gomringer, Tex Rubinowitz, Michael Ebmeyer (Freies Theater Innsbruck)<br \/>\n25.4. Frank Schulz, Theodora Bauer, Katinka Buddenkotte, Elias Hirschl (Die B\u00e4ckerei)<br \/>\n<strong>Die B\u00e4ckerei &#8211; Kulturbackstube<\/strong>, Dreiheiligenstra\u00dfe 21a, 6020 Innsbruck, <strong>20:00<\/strong><\/p>\n<hr \/>\n<p><strong>Donnerstag, 21. Mai 2015<\/strong> STIPENDIENVERLEIHUNG<br \/>\nVerleihung des <strong>achensee.literatour-Stipendiums 2015<\/strong> an <strong>Theodora Bauer<\/strong>. Vergeben wird das Stipendium von den Autoren <strong>Bernhard Aichner<\/strong> und <strong>Thomas Raab<\/strong>. Die Verleihung stellt gleichzeitig die Er\u00f6ffnung des Literaturfestivals dar.<br \/>\n<strong>Altes Widum<\/strong>, Achenkirch, Tirol, <strong>19:00<\/strong><\/p>\n<hr \/>\n<p><strong>Dienstag, 9. Juni 2015<\/strong> LESEREISE OBER\u00d6STERREICH<br \/>\n<strong>Lesung<\/strong> in Zusammenarbeit mit <strong>Thalia Linz<\/strong>.<br \/>\n<strong>&#8222;KIK &#8211; Kunst im Keller&#8220;<\/strong>, Hartwangerstra\u00dfe 14, 4910 Ried im Innkreis, <strong>20:00<\/strong><\/p>\n<hr \/>\n<p><strong>Donnerstag, 11. Juni 2015<\/strong> LESEREISE OBER\u00d6STERREICH<br \/>\n<strong>Lesung<\/strong> im Rahmen von <strong>&#8222;Linzer Fr\u00fchling &#8211; Literatur und so&#8220;<\/strong>.<br \/>\n<strong>Wissensturm<\/strong>, K\u00e4rntner Stra\u00dfe 26, 4020 Linz, <strong>19:30<\/strong><\/p>\n<hr \/>\n<p><strong>Donnerstag, 4. Juni <\/strong>2015 LESUNG<br \/>\n<strong>Lesung<\/strong> im Rahmen von <strong>&#8222;Junge Kunst international &#8211; Kunst versus Design&#8220;<\/strong>. Vernissage, Lesung, Pr\u00e4sentation, Musik. In Kooperation mit dem <strong>Offenen Haus Oberwart<\/strong>.<br \/>\n<strong>OHO<\/strong>, Lisztgasse 12, 7400 Oberwart, ab <strong>14:00<\/strong><\/p>\n<hr \/>\n<p><strong>Mittwoch, 24. Juni 2015 <\/strong> LESUNG<\/p>\n<p><span class=\"style1\">Er\u00f6ffnung des &#8222;1. Jennersdorfer Lesesommers&#8220;. Theodora Bauer <\/span>liest im Rahmen der <span class=\"style2\">Jennersdorfer Lesesommers<\/span> aus ihrem Deb\u00fctroman <span class=\"style1\">Das Fell der Tante Meri<\/span>.<\/p>\n<p>&#8222;Csarda&#8220; im Freibad Jennersdorf, Freizeitzentrum 2, 8380 <strong>Jennersdorf, 19.00 Uhr<\/strong><\/p>\n<p><a href=\"http:\/\/www.jennersdorf.bvoe.at\/veranstaltungen\">http:\/\/www.jennersdorf.bvoe.at\/veranstaltungen<\/a><\/p>\n<hr \/>\n<p><strong>Donnerstag, 2. Juli 2015<\/strong> FESTVERANSTALTUNG MIT LESUNG<\/p>\n<p><span class=\"style1\"> Er\u00f6ffnung des sanierten Pulverturmes und des neu gegr\u00fcndeten Veranstaltungszentrums Pongratzhaus in Eisenstadt. Beginn der Festveranstaltung um 17.30, Lesungen von <strong>Michaela Fr\u00fchst\u00fcck<\/strong>, <strong>Wolfgang Millendorfer<\/strong> und <strong>Theodora Bauer<\/strong> jeweils um 18.30 und 20.30<\/span><\/p>\n<p><strong>Pulverturm und Veranstaltungszentrum Pongratzhaus<\/strong>, Lionsplatz, 7000 Eisenstadt, <strong>18.30 resp. 20.30<\/strong><\/p>\n<p>N\u00e4heres zum Programm hier: <a href=\"http:\/\/www.meinbezirk.at\/eisenstadt\/kultur\/eroeffnung-pulverturm-und-pongratz-haus-d1393719.html\">http:\/\/www.meinbezirk.at\/eisenstadt\/kultur\/eroeffnung-pulverturm-und-pongratz-haus-d1393719.html<\/a> oder hier: <a href=\"https:\/\/www.facebook.com\/events\/388710964653498\/\">https:\/\/www.facebook.com\/events\/388710964653498\/<\/a><\/p>\n<hr \/>\n<p><strong>Donnerstag, 9. Juli 2015<\/strong> PRIVATVERANSTALTUNG<\/p>\n<p><strong>Lesung <\/strong>im Rahmen des Internationalen Fortbildungsseminars &#8222;<strong>Erlebte Worte, Erlesene Orte<\/strong>&#8220; des Referats &#8222;<strong>Kultur und Sprache<\/strong>&#8220; des Bundesministeriums f\u00fcr Bildung und Frauen.<\/p>\n<p>Veranstaltung nur f\u00fcr die SeminarteilnehmerInnen, <strong>Graz<\/strong>.<\/p>\n<p><a href=\"http:\/\/www.kulturundsprache.at\/site\/kulturundsprache\/seminare\/seminare2015anmeldung\/kus.seminar\/25.html\">http:\/\/www.kulturundsprache.at\/site\/kulturundsprache\/seminare\/seminare2015anmeldung\/kus.seminar\/25.html<\/a><\/p>\n<hr \/>\n<p><strong>Freitag, 7. August und Samstag, 8. August 2015<\/strong> WORKSHOP<\/p>\n<p>Workshop f\u00fcr Jugendliche im Alter von 14 bis 20 Jahren am <strong>Literaturhaus Mattersburg<\/strong>. Kosten: 20\u20ac ohne Verpflegung. Bewerbung mit Lebenslauf und Textprobe\/n von max. 2 Seiten Prosa <strong>bis 3. Juli <\/strong>an <a href=\"mailto:sabrina.hergovich@literaturhausmattersburg.at\">sabrina.hergovich@literaturhausmattersburg.at<\/a><\/p>\n<p><strong>Literaturhaus Mattersburg,<\/strong> 1. Stock im Rathaus Mattersburg, Brunnenplatz 4, 7210 Mattersburg, jeweils <strong>11 &#8211; 13, 14 &#8211; 17 Uhr<\/strong><\/p>\n<p><a href=\"http:\/\/www.literaturhausmattersburg.at\/index.php?article_id=652\">http:\/\/www.literaturhausmattersburg.at\/index.php?article_id=652<\/a><\/p>\n<hr \/>\n<p><strong>Montag, 24. August 2015<\/strong> LESUNG<\/p>\n<p>Lesung mit <strong>Martin Plattner<\/strong>, <strong>Robert Prosser<\/strong> und <strong>Theodora Bauer<\/strong> im Rahmen des <strong>Europ\u00e4ischen Forums Alpbach<\/strong>. Organisation: <strong>Club Alpbach S\u00fcdtirol\/Alto Adige<\/strong><\/p>\n<p>Ort und Zeit<strong> tba<\/strong><\/p>\n<hr \/>\n<p><strong>Montag, 7. September<\/strong> bis <strong>Samstag, 19. September<\/strong> <strong>2015<\/strong> RESIDENCY<\/p>\n<p>Schreibaufenthalt im <strong>K\u00fcnstlerdorf Neumarkt an der Raab<\/strong> im S\u00fcdburgenland<\/p>\n<hr \/>\n<p><strong>Sonntag, 13. September 2015<\/strong> LESUNG<\/p>\n<p>Teilnahme der Literaturweg-Wanderung am <strong>Literaturweg Csaterberg <\/strong>im Rahmen der <strong>2. Literaturtage Kohfidisch<\/strong>.<\/p>\n<p>Csaterberg, <strong>Gasthof zum Weinberg<\/strong>, 7512 Kleincsater 10, <strong>14:00<\/strong><\/p>\n<hr \/>\n<p><strong>Dienstag, 22. September 2015<\/strong> MODERATION<\/p>\n<p>Moderation der Podiumsdiskussion &#8222;<span class=\"text_exposed_show\"><strong>Interkulturalit\u00e4t im Zeitalter der Globalisierung und Massenflucht<\/strong>&#8222;<\/span>. In Kooperation mit der Donauuniversit\u00e4t Krems. Teilnehmende am Podium: <strong>Dr. <\/strong><strong>Karin Kneissl, Prof. Dr. Inci Dirim, Prof. Dr. Amadou-Lamine Sarr<\/strong> und <strong>Dipl.-Ing. <\/strong><strong>Friedbert Ottacher<\/strong>.<\/p>\n<p><strong>Caf\u00e9 Museum<\/strong>, Operngasse 7, 1010 Wien, <strong>20:00<\/strong><\/p>\n<hr \/>\n<p><strong>Donnerstag, 24. September 2015<\/strong> LESUNG<\/p>\n<p>Lesung im <strong>Caf\u00e9 Rodenstein im Hessischen Landesmuseum Darmstadt<\/strong>. Organisiert vom <strong>Bessunger Buchladen<\/strong>. In Kooperation mit <strong>Leseland Hessen<\/strong>, Darmstadt Kultur St\u00e4rken e.V. und der Central GmbH.<\/p>\n<p><strong>Caf\u00e9 Rodenstein<\/strong>, Friedensplatz 1, 64283 Darmstadt, Deutschland, <strong>19.30<\/strong><\/p>\n<hr \/>\n<p><strong>Samstag, 3. Oktober 2015<\/strong> PERFORMANCE<\/p>\n<p><strong>Schrauben\u00fcbergabe<\/strong> im Rahmen der <strong>Langen Nacht der Museen<\/strong> im <strong>Geschichenhaus Bildein<\/strong>.<\/p>\n<p><strong>N\u00e4here Angaben zum Programm folgen in K\u00fcrze<\/strong><\/p>\n<hr \/>\n<p><strong>Sonntag, 4. Oktober<\/strong> bis <strong>Sonntag, 18. Oktober 2015<\/strong> RESIDENCY<\/p>\n<p>Schreibaufenthalt im <strong>Literaturhotel DIE WASNERIN<\/strong> in <strong>Bad Aussee<\/strong>.<\/p>\n<hr \/>\n<p><strong>Donnerstag, 8. Oktober 2015<\/strong> PODIUMSDISKUSSION<\/p>\n<p>Teilnahme am Funksalon <strong>&#8222;Auf dem Buchmarkt&#8220;<\/strong> mit <strong>Katharina Tiwald<\/strong>, <strong>Reinhard Deutsch<\/strong> und <strong>Petra Ganglbauer<\/strong>. Moderation: <strong>Michaela Fr\u00fchst\u00fcck<\/strong>.<\/p>\n<p><strong>ORF Burgenland<\/strong>, Buchgraben 51, 7000 Eisenstadt, <strong>19:30<\/strong><\/p>\n<hr \/>\n<p><strong>Samstag, 10. Oktober 2015<\/strong> LESUNG<\/p>\n<p>Lesung im <strong>Hotel Die Wasnerin<\/strong> im Rahmen eines zweiw\u00f6chigen Aufenthaltsstipendiums.<\/p>\n<p><strong>Hotel Die Wasnerin<\/strong>, Sommersbergseestra\u00dfe 19, 8990 Bad Aussee, <strong>20:00<\/strong><\/p>\n<p>N\u00e4here Infos hier: <a href=\"http:\/\/www.diewasnerin.at\/de\/auszeit-spa\/literatur\/lesungen-autoren\/\">http:\/\/www.diewasnerin.at\/de\/auszeit-spa\/literatur\/lesungen-autoren\/<\/a><\/p>\n<hr \/>\n<p><strong>Dienstag, 20. Oktober<\/strong> 2015 LESUNG<\/p>\n<p>Lesung mit <strong>Felix Mitterer<\/strong> im Rahmen der &#8222;Literarischen Begegnungen&#8220; der <strong>\u00c4rztekammer f\u00fcr Ober\u00f6sterreich<\/strong>.<\/p>\n<p>\u00c4rztekammer f\u00fcr Ober\u00f6sterreich, Dinghoferstra\u00dfe 4, 4010 Linz, <strong>19:00<\/strong><\/p>\n<hr \/>\n<p><strong>Samstag, 24. Oktober 2015<\/strong> LESUNG<\/p>\n<p>Lesung in der <strong>B\u00fccherei Wallern<\/strong> mit musikalischer Begleitung durch <strong>Lisa Prandst\u00e4tter<\/strong><\/p>\n<p>B\u00fccherei Wallern, Kirchengasse 22 (Geb\u00e4ude Volksschule), 7151 Wallern im Burgenland, <strong>19:00<\/strong><\/p>\n<hr \/>\n<h1><strong>2016<\/strong><\/h1>\n<hr \/>\n<p><strong>Dienstag, 15. M\u00e4rz 2016<\/strong> DISKUSSION<\/p>\n<p>Diskussionsveranstaltung zum Thema <strong>\u00d6sterreichische AutorInnen und die USA<\/strong> mit <strong>Doron Rabinovici<\/strong> und <strong>Theodora Bauer<\/strong>. Moderation: <strong>Michael Freund<\/strong>.<\/p>\n<p>Im Rahmen der <strong>Austrian Studies Association Conference 2016<\/strong>.<\/p>\n<p><strong>Wien Museum<\/strong>, Karlsplatz 8, 1040 Wien, <strong>18:30<\/strong><\/p>\n<p>N\u00e4here Infos zum Programm unter <a href=\"https:\/\/asa2016.univie.ac.at\/programm\/\">https:\/\/asa2016.univie.ac.at\/programm\/<\/a><\/p>\n<hr \/>\n<p><strong>Freitag, 25. M\u00e4rz<\/strong> bis <strong>Montag, 28. M\u00e4rz 2016<\/strong> VERANSTALTUNG<\/p>\n<p><strong>Literaturtage<\/strong> im <strong>Hotel Schw\u00e4rzler<\/strong> in Bregenz. Zahlreiche Events mit den AutorInnen wie bsplw. ein <strong>Osterbrunch<\/strong> und eine <strong>Themenlesung<\/strong>, nach wie vor buchbar.<\/p>\n<p><strong>Hotel Schw\u00e4rzler<\/strong>, Landstra\u00dfe 9, 6900 Bregenz<\/p>\n<p>N\u00e4here Informationen unter <a href=\"http:\/\/schwaerzler.s-hotels.com\/promotions\/literatur-im-schw-a-rzler.htm\">http:\/\/schwaerzler.s-hotels.com\/promotions\/literatur-im-schw-a-rzler.htm<\/a><\/p>\n<hr \/>\n<p><strong>Montag, 25. April 2016<\/strong> LESUNG &amp; MUSIK<\/p>\n<p><strong>30 Jahre Tschernobyl &#8211; 5 Jahre Fukushima<\/strong>. Begr\u00fc\u00dfungsworte von Landesr\u00e4tin <strong>Mag.a Astrid Eisenkopf<\/strong>. <strong>Theodora Bauer<\/strong> liest literarische Reflexionen zum Thema. Musik von <strong>Duo Fr\u00fchst\u00fcck<\/strong> (<strong>Clara Fr\u00fchst\u00fcck<\/strong> am Klavier und <strong>Sophie Abraham<\/strong> am Cello). Veranstaltet von Umweltland Burgenland.<\/p>\n<p><strong>Kulturzentrum Eisenstadt<\/strong>, Franz Schubert-Platz 6, 7000 Eisenstadt, <strong>19:00<\/strong><\/p>\n<p>Bitte um Anmeldung unter 057 600 2048 oder martina.troindl@bgld.gv.at<\/p>\n<hr \/>\n<p><strong>Freitag, 29. April<\/strong> 2016 SCHREIBWORKSHOP<\/p>\n<p><strong>Schreibworkshop<\/strong> f\u00fcr Jugendliche von 14 &#8211; 19 Jahren im <strong>Literaturhaus Mattersburg<\/strong>. Thema: <strong>Das Ende<\/strong>. Wie schreibt man ein gutes, spannendes, mitrei\u00dfendes Ende? Die Teilnahme ist kostenfrei. Anmeldung erforderlich.<\/p>\n<p><strong>Literaturhaus Mattersburg<\/strong>, Brunnenplatz 4, Rathaus, 1. Stock, 7210 Mattersburg, <strong>15:30 &#8211; 21:00<\/strong><\/p>\n<p>N\u00e4here Informationen und Anmeldung unter <a href=\"http:\/\/www.literaturhausmattersburg.at\/index.php?article_id=652\">http:\/\/www.literaturhausmattersburg.at\/index.php?article_id=652<\/a><\/p>\n<hr \/>\n<p><strong>Samstag, 30. April 2016<\/strong> MODERATION<\/p>\n<p>Moderation der Veranstaltung &#8222;<strong>10 Jahre Club Alpbach Burgenland<\/strong>&#8222;. Jubil\u00e4umsfeier und Stipendienverleihung. Mit Gru\u00dfworten von <strong>Dr. Franz Fischler<\/strong>, dem Pr\u00e4sidenten des Europ\u00e4ischen Forums Alpbach.<\/p>\n<p><strong>Kalandahaus<\/strong> am Trausdorfer Meierhof\/<strong>Weingut Eszterh\u00e1zy<\/strong>, Trausdorf 1, 7061 Trausdorf, <strong>18:00<\/strong><\/p>\n<p>Bitte um Anmeldung bis 20. April an anmeldung@alpbach-burgenland.at<\/p>\n<hr \/>\n<p><strong>Sonntag, 1. Mai<\/strong> bis <strong>Dienstag, 31. Mai 2016<\/strong> SCHREIBAUFENTHALT<\/p>\n<p>Schreibstipendium des <strong>BMUKK\/BKA <\/strong>in Rom<\/p>\n<hr \/>\n<p><strong>Sonntag, 12. Juni 2016<\/strong> LESUNG<\/p>\n<p>Lesung im Rahmen der 2. Liesmatin\u00e9e &#8222;Cr\u00e9mant-Melange&#8220; mit <strong>P&#8217;el Schlechter<\/strong>. Auf Einladung der <strong>\u00d6sterreichischen Botschaft in Luxemburg<\/strong> und der <strong>\u00c9ditions Guy Binsfeld<\/strong>.<\/p>\n<p><strong>Caf\u00e9 de la Place<\/strong>, 8 Place du Parc, Bouneweg, L-2313 Letzebuerg \/ Luxemburg, <strong>11:00<\/strong><\/p>\n<hr \/>\n<p><strong>Sonntag, 26. Juni<\/strong> bis <strong>Mittwoch, 29. Juni 2016<\/strong> VERANSTALTUNG<\/p>\n<p>Teilnahme am 20. Klagenfurter Literaturkurs im Rahmen des Ingeborg-Bachmann-Preises 2016. <strong>Lesung der Stipendiatinnen<\/strong> am <strong>29. Juni 2016.<\/strong><\/p>\n<p><strong>Musilmuseum<\/strong>, Bahnhofstra\u00dfe 50, 9020 Klagenfurt, <strong>14:00<\/strong><\/p>\n<hr \/>\n<p><strong>Freitag, 1. Juli<\/strong> bis <strong>Sonntag, 31. Juli 2016<\/strong> SCHREIBAUFENTHALT<\/p>\n<p>Schreibstipendium der <strong>\u00d6sterreichischen Gesellschaft f\u00fcr Literatur<\/strong> in Paliano<\/p>\n<hr \/>\n<p><strong>Sonntag, 25. September 2016<\/strong> LESUNG<\/p>\n<p>im Rahmen des vom <strong>Wien Museum<\/strong> initiierten <strong>Vienna Humanities Festival<\/strong>, das heuer unter dem Titel <strong>&#8222;Andernorts \/ Out of Place&#8220;<\/strong> zum ersten Mal stattfindet. In einem <strong>Read-a-thon<\/strong> lesen AutorInnen wie Sabine Gruber, Daniel Zipfel, Olga Flor und meine Wenigkeit aus Werken anderer Schreibender zum <strong>Thema Migration<\/strong>. Ich lese ab 11:00 Ausschnitte aus <strong>John Steinbecks &#8222;Fr\u00fcchte des Zorns&#8220;<\/strong>. Eintritt frei.<\/p>\n<p><strong>brut wien<\/strong>, Karlsplatz 5, 1010 Wien, ab <strong>10:00<\/strong><\/p>\n<p>N\u00e4here Infos zu Konzept und Programm unter: <a href=\"http:\/\/humanitiesfestival.at\/\">http:\/\/humanitiesfestival.at\/<\/a><\/p>\n<hr \/>\n<p><strong>Donnerstag, 6. Oktober 2016<\/strong> BUCHPR\u00c4SENTATION<\/p>\n<p>meines Essays <strong>&#8222;Cos\u00ec fanno i filosofi&#8220;<\/strong>, der unl\u00e4ngst im <strong>Limbus Verlag<\/strong> erschienen ist.<\/p>\n<p>Herzlichen Dank auch an Alfred Pfabigan, der dazu das Vorwort verfasst hat!<\/p>\n<p><strong>Kunstraum Ewigkeitsgasse<\/strong>, Thelemangasse 6, 1170 Wien, <strong>19:30<\/strong><\/p>\n<p>N\u00e4here Infos zum Buch: http:\/\/www.limbusverlag.at\/index.php\/cosi-fanno-i-filosofi<\/p>\n<hr \/>\n<p><strong>Donnerstag, 13. Oktober 2016 <\/strong>LESUNG<\/p>\n<p>mit <strong>Petra Piuk<\/strong> und <strong>J\u00fcrgen Bauer<\/strong> im Rahmen der <strong>Buchwoche im OHO<\/strong>.<\/p>\n<p><strong>Offenes Haus Oberwart<\/strong>, Lisztgasse 12, 7400 Oberwart, <strong>19:30<\/strong><\/p>\n<hr \/>\n<p><strong>Samstag, 15. Oktober 2016<\/strong> LESUNG<\/p>\n<p>mit meinen Kolleginnen aus dem diesj\u00e4hrigen <strong>Klagenfurter Literaturkurs<\/strong>, der Ende Juni\/Anfang Juli im Rahmen des <strong>Ingeborg-Bachmann-Preises<\/strong> in <strong>Klagenfurt<\/strong> stattgefunden hat.<\/p>\n<p>Moderation: <strong> Dr. Heimo Strempfl<\/strong><\/p>\n<p><strong>Gelegenheiten<\/strong>, Weserstra\u00dfe 50, 12045 Berlin, <strong>19:30<\/strong><\/p>\n<hr \/>\n<h1><strong>2017<\/strong><\/h1>\n<hr \/>\n<p><strong>Mittwoch, 4. J\u00e4nner 2017<\/strong> PREMIERE<\/p>\n<p>Premiere des Theaterst\u00fcckes <strong>71 oder der Fluch der Primzahl<\/strong>. Regie: <strong>Peter Wagner<\/strong>. Musik: <strong>Ferry Janoska<\/strong>. In Kooperation mit dem <strong>Offenen Haus Oberwart<\/strong>.<\/p>\n<p><strong>Volksschule Parndorf<\/strong>, Schulgasse 2, 7111 Parndorf, <strong>19:30<\/strong><\/p>\n<ul>\n<li style=\"list-style-type: none;\">\n<ul>Weitere Auff\u00fchrungstermine:<\/ul>\n<\/li>\n<\/ul>\n<ul>\n<li style=\"list-style-type: none;\">\n<ul>\n<li style=\"list-style-type: none;\">\n<ul>\n<li style=\"list-style-type: none;\">\n<ul>\n<li style=\"list-style-type: none;\">\n<ul>5., 6., 7. J\u00e4nner 2017 \/ 19:30 Uhr \/ Volksschule Parndorf<\/ul>\n<\/li>\n<\/ul>\n<\/li>\n<\/ul>\n<\/li>\n<\/ul>\n<ul>\n<li style=\"list-style-type: none;\">\n<ul>\n<li style=\"list-style-type: none;\">\n<ul>\n<li style=\"list-style-type: none;\">\n<ul>11., 12., 13. J\u00e4nner 2017 \/ 19:30 Uhr \/ ORF-Landesstudio Eisenstadt<\/ul>\n<\/li>\n<\/ul>\n<\/li>\n<\/ul>\n<\/li>\n<\/ul>\n<ul>\n<li style=\"list-style-type: none;\">\n<ul>\n<li style=\"list-style-type: none;\">\n<ul>\n<li style=\"list-style-type: none;\">\n<ul>19., 20., 21. J\u00e4nner 2017 \/ 19:30 Uhr \/ Offenes Haus Oberwart<\/ul>\n<\/li>\n<\/ul>\n<\/li>\n<\/ul>\n<\/li>\n<\/ul>\n<ul>\n<li style=\"list-style-type: none;\">\n<ul>\n<li style=\"list-style-type: none;\">\n<ul>\n<li style=\"list-style-type: none;\">\n<ul>22. J\u00e4nner 2017 \/ Matinee \/ 11:00 Uhr \/ Offenes Haus Oberwart<\/ul>\n<\/li>\n<\/ul>\n<\/li>\n<\/ul>\n<\/li>\n<\/ul>\n<ul>\n<li style=\"list-style-type: none;\">\n<ul>\n<li style=\"list-style-type: none;\">\n<ul>27. J\u00e4nner 2017, 19:30 Uhr \/ KUGA, Gro\u00dfwarasdorf<\/ul>\n<\/li>\n<\/ul>\n<\/li>\n<\/ul>\n<\/li>\n<\/ul>\n<hr \/>\n<p><strong>Dienstag, 7. Februar 2017<\/strong> LESUNG<\/p>\n<p><strong>Lesung<\/strong> im Rahmen der Reihe <strong>Literatour.at<\/strong> im <strong>Robert-Musil-Literatur-Museum Klagenfurt<\/strong>.<\/p>\n<p><strong>Robert-Musil-Literatur-Museum<\/strong>, Bahnhofstra\u00dfe 50, 9020 Klagenfurt, <strong>19:30<\/strong><\/p>\n<hr \/>\n<p><strong>Donnerstag, 9. bis Sonntag, 12. M\u00e4rz 2017<\/strong> FESTIVAL<\/p>\n<p>Auff\u00fchrung des Theaterst\u00fcckes <strong>papier.waren.pospischil<\/strong> als <strong>Szenische Skizze<\/strong> im Rahmen des Festivals <strong>Neues Wiener Volkstheater 2017<\/strong>. Eine Kooperation zwischen <strong>Volkstheater Wien<\/strong> und <strong>Max Reinhardt Seminar<\/strong>.<\/p>\n<p><span class=\"_4n-j _3cht fsl\" data-testid=\"event-permalink-details\"><span class=\"text_exposed_show\"><strong>papier.waren.pospischil<\/strong><br \/>\nRegie: <strong>Anna Marboe<\/strong><br \/>\nDramaturgie: <strong>Angela Heide<\/strong><br \/>\nmit <strong>Marlene Hauser, Julian Waldner, Doris Weiner, Eduard Wildner<\/strong><\/span><\/span><\/p>\n<p>Do 9. M\u00e4rz | 20.30 Uhr<span class=\"text_exposed_show\"><br \/>\nSa 11. M\u00e4rz | 16.00 Uhr<br \/>\nSo 12. M\u00e4rz | 17.30 Uhr<\/span><\/p>\n<div class=\"text_exposed_show\">\n<p>sowie:<br \/>\nSo 12. M\u00e4rz | 18.30 Uhr Festival Gespr\u00e4ch mit <strong>Theodora Bauer<\/strong> und <strong>Natascha Gangl<\/strong><\/p>\n<p>Weitere Informationen zum Festival und zu den anderen St\u00fccken:<\/p>\n<p><a href=\"http:\/\/www.volkstheater.at\/festival\/neues-wiener-volkstheater-2\/\">http:\/\/www.volkstheater.at\/festival\/neues-wiener-volkstheater-2\/<\/a><\/p>\n<p>Die Vorank\u00fcndigung auf der Homepage meines Theaterverlages:<\/p>\n<p><a href=\"http:\/\/schultzundschirm.com\/theodora-bauer-beim-neuen-wiener-volkstheater\/\">http:\/\/schultzundschirm.com\/theodora-bauer-beim-neuen-wiener-volkstheater\/<\/a><\/p>\n<hr \/>\n<p><strong> Dienstag, 28. M\u00e4rz 2017<\/strong> WORKSHOP<\/p>\n<p><strong>Literarischer Workshop<\/strong> an der <strong>NMS Ternitz<\/strong><\/p>\n<hr \/>\n<p><strong>Freitag, 7. April 2017<\/strong> WORKSHOP<\/p>\n<p><strong>Literarischer Workshop<\/strong> im <strong>Literaturhaus Mattersburg<\/strong> zu dem Thema <strong>Wie schreibt man eine Kurzgeschichte?<\/strong> Auch andere Textgattungen sind willkommen.<\/p>\n<p><strong>Literaturhaus Mattersburg<\/strong>, Brunnenplatz 4, 1. Stock, 7210 Mattersburg, <strong>16 &#8211; 21 Uhr<\/strong><\/p>\n<p>Anmeldung unter: sabrina.hergovich@literaturhausmattersburg.at<\/p>\n<p><a href=\"http:\/\/www.literaturhausmattersburg.at\/index.php?article_id=652\">http:\/\/www.literaturhausmattersburg.at\/index.php?article_id=652<\/a><\/p>\n<hr \/>\n<p><strong>Sonntag, 28. Mai 2017<\/strong> PODIUM<\/p>\n<p>Zum Thema <strong>Bedinungen weiblichen Schreibens<\/strong> im Rahmen des <strong>THALHOF Openings<\/strong>. Mit <strong>Theodora Bauer<\/strong>, <strong>Ruth Beckermann<\/strong>, <strong>Lydia Mischkulnig<\/strong> und <strong>Daniela Strigl<\/strong>. Moderation: <strong>Anna Maria Krassnigg<\/strong>.<\/p>\n<p><strong>Thalhof<\/strong>, Thalhofstra\u00dfe 23, 2651 Reichenau an der Rax, <strong>11:30<\/strong><\/p>\n<p><a href=\"http:\/\/salon5.at\/produktionen\/bedingungen-weiblichen-schreibens\/\">http:\/\/salon5.at\/produktionen\/bedingungen-weiblichen-schreibens\/<\/a><\/p>\n<hr \/>\n<p><strong>Montag, 5. Juni 2017<\/strong> LESUNG<\/p>\n<p>im Rahmen der vom <strong>OHO<\/strong> organisierten <strong>Wanderung auf freiem Feld &#8211; Heimat als Feldforschungserlebnis<\/strong>. Mit Texten von <strong>Theodora Bauer<\/strong>, <strong>Clemens Berger<\/strong>, <strong>Gy\u00f6rgy Dragoman<\/strong>, <strong>Karin Ivancsics<\/strong>, <strong>Katharina Tiwald<\/strong> und <strong>Peter Wagner<\/strong>. Philosophische Gespr\u00e4che mit <strong>Cornelia Bruell<\/strong> und <strong>Kai Kranner<\/strong>. Musikalische Beitr\u00e4ge von <strong>Vlado Blum<\/strong> (Akkordeon) und <strong>Eveline Rabold<\/strong> (Gesang).<\/p>\n<p><strong><br \/>\nRechnitz<\/strong>, Wanderung von Rechnitz nach Bucsu, <strong>14:00<\/strong><\/p>\n<p><a href=\"http:\/\/www.oho.at\/programm\/detailansicht\/article\/wanderung-auf-freiem-feld-heimat-als-feldforschungserlebnis\/\">http:\/\/www.oho.at\/programm\/detailansicht\/article\/wanderung-auf-freiem-feld-heimat-als-feldforschungserlebnis\/<\/a><\/p>\n<hr \/>\n<p><strong>Freitag, 9. Juni 2017<\/strong> WORKSHOP<\/p>\n<p>Literarischer Workshop im Literaturhaus Mattersburg. Gemeinsam erarbeiten wir Grundlegendes \u00fcber Schreibprozesse und das Handwerk des Schreibens. F\u00fcr Jugendliche von 12 bis 16 Jahren.<\/p>\n<p><strong>Literaturhaus Mattersburg<\/strong>, Brunnenplatz 4, 1. Stock, 7210 Mattersburg, <strong>16 \u2013 21 Uhr<\/strong><\/p>\n<p>Anmeldung unter: sabrina.hergovich@literaturhausmattersburg.at<\/p>\n<p><a href=\"http:\/\/www.literaturhausmattersburg.at\/programm\/2017\/schreibworkshop-fuer-jugendliche\/\">http:\/\/www.literaturhausmattersburg.at\/programm\/2017\/schreibworkshop-fuer-jugendliche\/<\/a><\/p>\n<hr \/>\n<p><strong>Montag, 12. Juni 2017<\/strong> LESUNG<\/p>\n<p>Mit anderen TeilnehmerInnen der jungen Literaturwerkstatt Wien Rahmen des Abschlussfestes &#8222;Junge Literaturwerkstatt Wien (1998-2017)&#8220; unter dem sch\u00f6nen Titel &#8222;Das Ende &#8211; Ein Fest&#8220;.<\/p>\n<p>Moderation: <strong>Semier Insayif<\/strong>, in Kooperation mit <strong>K\u00d6LA<\/strong><\/p>\n<p><strong>\u00d6GL \u00d6sterreichische Gesellschaft f\u00fcr Literatur<\/strong>, Herrengasse 5, 1010 Wien, ab <strong>19 Uhr<\/strong><\/p>\n<hr \/>\n<p><strong>Samstag, 17. Juni 2017<\/strong> LESUNG<\/p>\n<p>Im Rahmen des <strong>Lesefests<\/strong> am Literaturfestival <strong>Grenzenlos Lesen<\/strong>.<\/p>\n<p><strong>Altes Kloster Lockenhaus<\/strong>, Klostergasse 6, 7442 Lockenhaus, <strong>ab 13:30<\/strong><\/p>\n<p><a href=\"https:\/\/www.grenzenloslesen.at\/lesefest-2017\">https:\/\/www.grenzenloslesen.at\/lesefest-2017<\/a><\/p>\n<hr \/>\n<p><strong>Sonntag, 3. September 2017<\/strong> GESPR\u00c4CH + LESUNG<br \/>\nIm Rahmen der <strong>salon.gespr\u00e4che<\/strong> am <strong>Thalhof Festival<\/strong> spreche ich mit <strong>Anna Maria Krassnigg<\/strong> \u00fcber <strong>Chikago<\/strong> und <strong>Marie von Ebner-Eschenbach<\/strong>. Im Anschluss daran findet die Auff\u00fchrung von <strong>&#8222;Am Ende eines kleinen Dorfes&#8220;<\/strong>, einem Theaterst\u00fcck nach einer Erz\u00e4hlung von Ebner-Eschenbach, statt.<br \/>\n<strong>Thalhof<\/strong>, Thalhofstra\u00dfe 23, 2651 Reichenau an der Rax, <strong>17:30<\/strong><br \/>\n<a href=\"http:\/\/salon5.at\/salon-gespraech\/\">http:\/\/salon5.at\/salon-gespraech\/<\/a><\/p>\n<hr \/>\n<p><strong>Donnerstag, 7. September 2017<\/strong> LESUNG<br \/>\n<strong>Forsthaus<\/strong>, Rechte Hauptzeile 22, 7053 Hornstein, <strong>19:00<\/strong><br \/>\n<a href=\"http:\/\/www.hornstein.at\/de\/veranstaltungskalender\/ID15263\/chikago-buchlesung-von-theodora-bauer\/\">http:\/\/www.hornstein.at\/de\/veranstaltungskalender\/ID15263\/chikago-buchlesung-von-theodora-bauer\/<\/a><\/p>\n<hr \/>\n<p><strong>Donnerstag, 14. September 2017<\/strong> LESUNG<br \/>\n<strong>Neu im Land.<\/strong> Pr\u00e4sentation einiger spannender literarischer Neuerscheinungen aus dem Burgenland im Literaturhaus Mattersburg. Mit <strong>J\u00fcrgen Bauer<\/strong>, <strong>Theodora Bauer<\/strong>, <strong>Petra Piuk<\/strong> und <strong>Wolfgang Millendorfer<\/strong>.<br \/>\n<strong>Literaturhaus Mattersburg<\/strong>, Brunnenplatz 4, 1. Stock, 7210 Mattersburg,<strong> 19:00<\/strong><br \/>\n<a href=\"http:\/\/www.literaturhausmattersburg.at\/programm\/2017\/neu-im-land\/\">http:\/\/www.literaturhausmattersburg.at\/programm\/2017\/neu-im-land\/<\/a><\/p>\n<hr \/>\n<p><strong>Mittwoch, 20. September 2017<\/strong> THEATER<\/p>\n<p>Mein St\u00fcck, <strong>papier.waren.pospischil<\/strong>, wird in Ausschnitten im Rahmen des Kom\u00f6dienwettbewerbs <strong>Die Freiheit des Lachens &#8211; Das Festival der &#8222;Neuen Kom\u00f6die&#8220;<\/strong> am <strong>Salzburger Landestheater<\/strong> pr\u00e4sentiert. Bitte hingehen und abstimmen (das Publikumsvoting z\u00e4hlt!) und zwar am<br \/>\n20., 22. und 24. September 2017 jeweils um 19.30<br \/>\nSalzburger Landestheater &#8211; Kammerspiele, Schwarzstra\u00dfe 24, 5020 Salzburg<br \/>\n<a href=\"http:\/\/www.salzburger-landestheater.at\/de\/produktionen\/die-freiheit-des-lachens.html\">http:\/\/www.salzburger-landestheater.at\/de\/produktionen\/die-freiheit-des-lachens.html<\/a><\/p>\n<hr \/>\n<p><strong>Donnerstag, 21. September 2017<\/strong> BUCHPR\u00c4SENTATION<br \/>\nBuchpr\u00e4sentation in der <strong>\u00d6sterreichischen Gesellschaft f\u00fcr Literatur<\/strong>. Moderation: <strong>Ursula Ebel<\/strong>.<br \/>\n<strong>\u00d6GL<\/strong>, Herrengasse 5, 1010 Wien, <strong>19:00<\/strong><br \/>\n<a href=\"http:\/\/www.picus.at\/event\/praesentation-theodora-bauer-chikago\/\">http:\/\/www.picus.at\/event\/praesentation-theodora-bauer-chikago\/<\/a><br \/>\n<a href=\"http:\/\/www.ogl.at\/programm\/aktuelles-programm\/\">http:\/\/www.ogl.at\/programm\/aktuelles-programm\/<\/a><\/p>\n<hr \/>\n<p><strong>Mittwoch, 4. Oktober 2017<\/strong> GESPR\u00c4CH<br \/>\n<strong>Razgovor u centru<\/strong> &#8211; Gespr\u00e4ch im Zentrum, und zwar im <strong>Hrvatski Centar<\/strong> in Wien. Moderation: Peter Tyran.<br \/>\n<strong>Hrvatski Centar<\/strong>, Schwindgasse 14, 1040 Wien, <strong>20:00<\/strong><br \/>\n<a href=\"http:\/\/vienna.carpediem.cd\/events\/4715285-razgovor-u-centru-theodora-bauer-at-hrvatski-centar-schwindgasse\/\">http:\/\/vienna.carpediem.cd\/events\/4715285-razgovor-u-centru-theodora-bauer-at-hrvatski-centar-schwindgasse\/<\/a><br \/>\n<a href=\"https:\/\/www.facebook.com\/events\/315699622173641\/\">https:\/\/www.facebook.com\/events\/315699622173641\/<\/a><\/p>\n<hr \/>\n<p><strong>Donnerstag, 5. Oktober 2017<\/strong> LESUNG<br \/>\nLesung mit anderen AutorInnen des <strong>aktuellen Herbstprogramms<\/strong> von <strong>Picus<\/strong> im Rahmen der <strong>Picus Herbstlese<\/strong>.<br \/>\n<strong>Werk X Eldorado<\/strong>, Petersplatz 1, 1010 Wien, <strong>19:30<\/strong><\/p>\n<hr \/>\n<p><strong>Dienstag, 10. Oktober 2017<\/strong> LESUNG<br \/>\nLesung am <strong>Literaturhaus Salzburg<\/strong> im Rahmen des <strong>salzburger literaturforums leselampe<\/strong>.<br \/>\n<strong>Literaturhaus Salzburg<\/strong>, Strubergasse 23\/H.C. Artmann-Platz, 5020 Salzburg, <strong>19:30<\/strong><br \/>\n<a href=\"http:\/\/www.leselampe-salz.at\/veranstaltung\/theodora-bauer\/\">http:\/\/www.leselampe-salz.at\/veranstaltung\/theodora-bauer\/<\/a><\/p>\n<hr \/>\n<p>Von 11. bis 15.10. bin ich auf der <strong>Buchmesse Frankfurt<\/strong>. Den <strong>Picus Verlag<\/strong> kann man auch gerne besuchen, und zwar in der <strong>Halle 3.1<\/strong> bei <strong>Stand E39<\/strong>.<\/p>\n<hr \/>\n<p><strong>Samstag, 14. Oktober 2017<\/strong> LESUNG<br \/>\nLesung auf der <strong>Leseinsel der unabh\u00e4ngigen Verlage<\/strong> auf der Buchmesse Frankfurt.<br \/>\nLeseinsel der unabh\u00e4ngigen Verlage, <strong>Halle 4.1<\/strong> auf der Buchmesse Frankfurt, <strong>Messegel\u00e4nde<\/strong>, Ludwig-Erhard-Anlage 1, 60327 Frankfurt, <strong>11:30<\/strong><\/p>\n<hr \/>\n<p><strong>Dienstag, 17. Oktober 2017<\/strong> LESUNG<br \/>\nLesung in der Buchhandlung <strong>tiempo nuevo<\/strong>.<br \/>\n<strong>tiempo nuevo genussbuchhandlung<\/strong>, Taborstra\u00dfe 17A, 1020 Wien, <strong>19:00<br \/>\n<\/strong><\/p>\n<hr \/>\n<p><strong>Mittwoch, 18. Oktober 2017<\/strong> LESUNG<br \/>\nLesung in der <strong>Stadbibliothek Jennersdorf<\/strong> im Rahmen von &#8222;<strong>\u00d6sterreich liest &#8211; Treffpunkt Bibliothek&#8220;<\/strong>.<br \/>\n<strong>Stadtbibliothek Jennersdorf<\/strong>, Hauptpl. 5a, 8380 Jennersdorf, <strong>18:00<\/strong><br \/>\n<a href=\"http:\/\/www.jennersdorf.bvoe.at\/veranstaltung\/lesung-theodora-bauer-oesterreich-liest-treffpunkt-bibliothek\">http:\/\/www.jennersdorf.bvoe.at\/veranstaltung\/lesung-theodora-bauer-oesterreich-liest-treffpunkt-bibliothek<\/a><\/p>\n<hr \/>\n<p><strong>Donnerstag, 19. Oktober 2017<\/strong> LESUNG<br \/>\nMit <strong>Wolfgang Millendorfer<\/strong>, anl\u00e4sslich der <strong>Buchwochen im OHO<\/strong><br \/>\n<strong>Offenes Haus Oberwart<\/strong>, Lisztgasse12, 7400 Oberwart, <strong>19:30<\/strong><br \/>\n<a href=\"http:\/\/www.oho.at\/programm\/detailansicht\/article\/wolfgang-millendorfer-und-theodora-bauer-lesung\/\">http:\/\/www.oho.at\/programm\/detailansicht\/article\/wolfgang-millendorfer-und-theodora-bauer-lesung\/<\/a><br \/>\n<a href=\"https:\/\/www.facebook.com\/events\/1683906651621697\/\">https:\/\/www.facebook.com\/events\/1683906651621697\/<\/a><\/p>\n<hr \/>\n<p><strong>BUCH WIEN Donnerstag, 9. November 2017<\/strong> GESPR\u00c4CH<br \/>\nGespr\u00e4ch gemeinsam mit <strong>Saskia Jungnikl<\/strong> im Rahmen von <strong>\u00d61 Punkt 1<\/strong>. Das Gespr\u00e4ch wird <strong>live auf \u00d61<\/strong> \u00fcbertragen. Moderation: <strong>Rainer Rosenberg<\/strong>.<br \/>\n<strong>Buch Wien<\/strong>, ORF-B\u00fchne, <strong>13:00<\/strong><br \/>\n<a href=\"http:\/\/www.buchwien.at\/programm2017\/?topic=event&amp;eventid=22695\">http:\/\/www.buchwien.at\/programm2017\/?topic=event&amp;eventid=22695<\/a><\/p>\n<hr \/>\n<p><strong>BUCH WIEN Samstag, 11. November 2017<\/strong> GESPR\u00c4CH<br \/>\nDiskussion in der <strong>News-Leselounge<\/strong> gemeinsam mit <strong>Anna Baar<\/strong>, <strong>Karin Peschka<\/strong> und <strong>Marlene Streeruwitz<\/strong>. Moderation: <strong>Heinz Sichrovsky<\/strong>.<br \/>\n<strong>Buch Wien<\/strong>, News-Leselounge, <strong>14:00<\/strong><br \/>\n<a href=\"http:\/\/www.buchwien.at\/programm2017\/?topic=event&amp;eventid=23655\">http:\/\/www.buchwien.at\/programm2017\/?topic=event&amp;eventid=23655<\/a><\/p>\n<hr \/>\n<p>Von <strong>8. bis 12. November<\/strong> ist der <strong>Picus Verlag<\/strong> auf der <strong>Buch Wien<\/strong> vertreten, und zwar bei <strong>Stand D16<\/strong>.<\/p>\n<hr \/>\n<p><strong>Dienstag, 28. November 2017<\/strong> LESUNG<br \/>\nIm Rahmen der <strong>Lockstoff Leseb\u00fchne<\/strong> im Dschungel Wien. Gemeinsam mit <strong>Verena D\u00fcrr<\/strong>, <strong>Raoul Eisele<\/strong>, <strong>Mohammad Ibrahim Rahim<\/strong>, <strong>Sven St\u00e4cker<\/strong>, <strong>Johannes Tr\u00f6ndle<\/strong>, <strong>Jopa Jotakin von und zy Prexa<\/strong>. Moderation: <strong>Sophie Reyer<\/strong>.<br \/>\n<strong>Dschungel Wien<\/strong>, MuseumsQuartier Wien, Museumsplatz 1, 1070 Wien, <strong>19:00<\/strong><br \/>\n<a href=\"https:\/\/www.dschungelwien.at\/vorstellung\/179\">https:\/\/www.dschungelwien.at\/vorstellung\/179<\/a><\/p>\n<hr \/>\n<p><strong>Mittwoch, 29. November 2017<\/strong> LESUNG<br \/>\n<strong>Hundert N\u00e4hmaschinen in Chicago.<\/strong> Lesung gemeinsam mit <strong>Elias Hirschl<\/strong> im <strong>Kulturzentrum Stromboli<\/strong> in Tirol.<br \/>\n<strong>Kulturlabor Stromboli<\/strong>, Krippgasse 11, 6060 Hall in Tirol, <strong>20:30<\/strong><br \/>\n<a href=\"http:\/\/www.stromboli.at\/index.php\/spielplan\/435-mi-29-11-17-20-30-hundert-naehmaschinen-in-chicago\">http:\/\/www.stromboli.at\/index.php\/spielplan\/435-mi-29-11-17-20-30-hundert-naehmaschinen-in-chicago<\/a><\/p>\n<hr \/>\n<p><strong>Montag, 4. Dezember 2017<\/strong> LESUNG<br \/>\nLesung gemeinsam mit <strong>Egyd Gst\u00e4ttner<\/strong> in der <strong>Alten Schmiede<\/strong>. Moderation: <strong>Markus K\u00f6hle<\/strong>.<br \/>\n<strong>Alte Schmiede<\/strong>, Sch\u00f6nlaterngasse 7A, 1010 Wien, <strong>19:00<\/strong><br \/>\n<a href=\"http:\/\/www.alte-schmiede.at\/programm\/2017-12-04-1900\/\">http:\/\/www.alte-schmiede.at\/programm\/2017-12-04-1900\/<\/a><\/p>\n<hr \/>\n<p><strong>Dienstag, 12. Dezember 2017<\/strong> LESUNG<br \/>\n<strong>Die \u00dcberwindung von Stein und Wasser.<\/strong> Lesung und Gespr\u00e4ch gemeinsam mit <strong>Ron Segal<\/strong> im Rahmen von <strong>Kombo Kosmopolit<\/strong> im <strong>Literaturhaus Wien<\/strong>. Moderation: <strong>Robert Prosser<\/strong>.<br \/>\n<strong>Literaturhaus Wien<\/strong>, Zieglergasse 26A bzw. Seidengasse 13, 1070 Wien, <strong>19:00<\/strong><br \/>\n<a href=\"https:\/\/www.kulturkontakt.or.at\/html\/E\/kalender.asp?guid=%7BAC75A64F-44A6-4FF5-A9D8-B518687CAFE6%7D\">https:\/\/www.kulturkontakt.or.at\/html\/E\/kalender.asp?guid=%7BAC75A64F-44A6-4FF5-A9D8-B518687CAFE6%7D<\/a><\/p>\n<hr \/>\n<p><strong>Freitag, 15. Dezember 2017<\/strong> LESUNG<br \/>\nIm Rahmen der Reihe <strong>KELAGerlesen<\/strong> im <strong>Robert Musil Literaturmuseum<\/strong> in Klagenfurt.<br \/>\n<strong>Musil-Haus<\/strong>, Bahnhofsstra\u00dfe 50, 9020 Klagenfurt am W\u00f6rthersee, <strong>19:30<\/strong><br \/>\n<a href=\"http:\/\/www.musilmuseum.at\/index.php?p=news\">http:\/\/www.musilmuseum.at\/index.php?p=news<\/a><\/p>\n<hr \/>\n<h1><strong>2018<\/strong><\/h1>\n<hr \/>\n<p><b>Montag, 5. Februar<\/b> bis <b>Mittwoch, 7. Feburar 2018 <\/b>FESTIVAL<\/p>\n<p>Mein St\u00fcck<b> &#8222;papier.waren.pospischil&#8220;<\/b> wird in <b>Franz\u00f6sischer \u00dcbersetzung<\/b> als <b>&#8222;pap\u00e8terie.pospischil&#8220;<\/b> in einer <b>Szenischen Lesung<\/b> gegeben, und zwar im Rahmen der <b>\u00d6sterreichschen Theatertage Paris\/Journ\u00e9es du th\u00e9\u00e2tre autrichien \u00e0 Paris<\/b>. Ich befinde mich in ausgesprochen guter Gesellschaft, und zwar in der von <b>Ferdinand Schmalz<\/b> und <b>Elfriede Jelinek<\/b>, deren St\u00fccke ebenfalls am Festival zu sehen sein werden.<\/p>\n<hr \/>\n<p><b>Montag, 5. Februar 2018<\/b> SZENISCHE LESUNG<\/p>\n<p>&#8222;<b>papeterie.pospischil<\/b>&#8220; unter Mitwirkung von <b>F\u00e9odor Atkine, Dominique Boissel, Arnaud Carbonnier, Delphine Chuillot, Catherine Dewitt, Laurence F\u00e9vrier, Jean-Michel Meunier<\/b> und <b>Thierry Pietra<\/b>. Regie und Organisation: <b>Heinz Schwarzinger<\/b>.<\/p>\n<p><b>Goethe-Institut Paris<\/b>, 17 Avenue d&#8217;I\u00e9na, 75116 Paris, France, <b>20:00<\/b><\/p>\n<p>N\u00e4here Infos unter <a class=\"moz-txt-link-freetext\" href=\"https:\/\/www.goethe.de\/ins\/fr\/de\/m\/ver.cfm?fuseaction=events.detail&amp;event_id=21144594\">https:\/\/www.goethe.de\/ins\/fr\/de\/m\/ver.cfm?fuseaction=events.detail&amp;event_id=21144594<\/a><\/p>\n<p>und <a class=\"moz-txt-link-freetext\" href=\"http:\/\/www.journal-laterrasse.fr\/journees-du-theatre-autrichien-a-paris-2\/\">http:\/\/www.journal-laterrasse.fr\/journees-du-theatre-autrichien-a-paris-2\/<\/a><\/p>\n<hr \/>\n<p><b>Donnerstag, 8. Februar 2018<\/b> LESUNG<\/p>\n<p>Lesung aus dem Roman &#8222;<b>Chikago<\/b>&#8220; an der <b>Universit\u00e9 Paris Nanterre<\/b>.<\/p>\n<p><b>Universit\u00e9 Paris Nanterre<\/b>, Auditoire &#8222;Robert Merle&#8220; au b\u00e2timent V &#8222;Ida Maier&#8220;, 200 avenue de la R\u00e9publique, 92000 Nanterre, <b>18:30<\/b><\/p>\n<hr \/>\n<p><b>Mittwoch, 17. Februar 2018<\/b> bis <b>Dienstag, 23. Februar 2018<\/b> LESEREISE<\/p>\n<p>Im Rahmen einer Lesereise in die <b>USA<\/b> werde ich meinen Roman &#8222;<b>Chikago<\/b>&#8220; an verschiedenen Universit\u00e4ten im <b>Mittleren Westen<\/b> vorstellen, und zwar an der <b>UIC<\/b>, <b>UIUC<\/b>, <b>Northwestern<\/b>, <b>DePaul<\/b> und an der <b>U Michigan\/Ann Arbor<\/b>. Details zu den Beginnzeiten der einzelnen Lesungen gerne auf R\u00fcckfrage, falls jemand von euch zu der Zeit in den Staaten ist.<\/p>\n<p>Ich bin insgesamt bis <b>Dienstag, 6. M\u00e4rz 2018<\/b> in den USA, und werde einen kleinen Urlaub im Raum <b>Boston<\/b> und <b>New York<\/b> anh\u00e4ngen. Daher kann ich nicht garantieren, dass meine E-Mails in diesem Zeitraum so schnell wie \u00fcblich beantwortet werden.<\/p>\n<hr \/>\n<p><b>Mittwoch, 7. M\u00e4rz 2018<\/b> LESUNG<\/p>\n<p>Lesung aus meinem Roman &#8222;<b>Chikago<\/b>&#8222;, organisiert vom<b>Soroptimist Club S\u00fcdburgenland-Stegersbach.<br \/>\n<\/b><\/p>\n<p><b>Hotel &amp; Spa Larimar<\/b>, Panoramaweg 2, 7551 Stegersbach, <b>20:00<\/b><\/p>\n<hr \/>\n<p><b>Donnerstag, 8. M\u00e4rz bis Samstag, 10. M\u00e4rz 2018<\/b> KONFERENZ<\/p>\n<p>Teilnahme an der akademischen Konferenz <b>&#8222;New Perspectives on Central European and Transatlantic Migration, 1800 &#8211; 2000&#8220;<\/b> an der <b>Central European University<\/b> in <b>Budapest<\/b>. Die Konferenz wird organisiert vom <b>Botstiber Institute for Austrian-American Studies<\/b> und dem <b>Institute for Advanced Studies at Central European University<\/b>.<\/p>\n<hr \/>\n<p><b>Samstag, 10. M\u00e4rz 2018<\/b> LESUNG<\/p>\n<p>Lesung aus <b>&#8222;Chikago&#8220;<\/b> in Kooperation mit der <b>zweisprachigen Bibliothek Kroatisch Minihof\/Mjenovo<\/b>.<\/p>\n<p><b>Pfarrhof Kroatisch Minihof<\/b>, Hauptstra\u00dfe 11, 7392 Kroatisch Minihof, <b>19:00<\/b><\/p>\n<p><a class=\"moz-txt-link-freetext\" href=\"http:\/\/www.kroatischminihof.bvoe.at\/veranstaltung\/chikago-mit-theodora-bauer\">http:\/\/www.kroatischminihof.bvoe.at\/veranstaltung\/chikago-mit-theodora-bauer<\/a><\/p>\n<hr \/>\n<p><strong>Dienstag, 3. April<\/strong> LESUNG<\/p>\n<p><strong>Lesung und Gespr\u00e4ch<\/strong> im Rahmen der Veranstaltungsreihe <strong>Tage der Unruhe &#8211; Texte, Notizen, Statements zur Lage<\/strong> im <strong>Theater Nestroyhof \/ Hamakom <\/strong>gemeinsam mit<strong><strong>Antonio Fian<\/strong><\/strong>. Moderation:<strong> Karl Baratta \/ Frederic Lion<\/strong>. <strong>Theater Nestroyhof \/ Hamakom<\/strong>, Nestroyplatz 1, 1020 Wien, <strong>19:30<\/strong> Eintritt: 10,- (Erm\u00e4\u00dfigt: 7,-)<\/p>\n<p><a href=\"http:\/\/www.hamakom.at\/tage-der-unruhe\">http:\/\/www.hamakom.at\/tage-der-unruhe<\/a><\/p>\n<hr \/>\n<p><strong>Donnerstag, 12. April<\/strong> LESUNG<\/p>\n<p>Lesung in Kooperation mit der <strong>\u00f6ffentlichen B\u00fccherei der Marktgemeinde Deutsch Kaltenbrunn<\/strong> <strong>Gemeindezentrum Deutsch Kaltenbrunn<\/strong>, Marktplatz 1, 7572 Deutsch Kaltenbrunn, <strong>18:30<\/strong><\/p>\n<p><a href=\"http:\/\/www.deutschkaltenbrunn.eu\/Lesung_mit_Theodora_Bauer_und_anschliessender_Kunstauktion\">http:\/\/www.deutschkaltenbrunn.eu\/Lesung_mit_Theodora_Bauer_und_anschliessender_Kunstauktion<\/a><\/p>\n<hr \/>\n<p><strong>Samstag, 14. April<\/strong> LESUNG<\/p>\n<p>Lesung in der <strong>B\u00fccherei Gr\u00fcnau im Almtal<\/strong>. Moderation: <strong>Ren\u00e9 Freund<\/strong>. <strong>B\u00fccherei Gr\u00fcnau<\/strong>, Im Dorf 17, 4645 Gr\u00fcnau im Almtal, <strong>20:00<\/strong><\/p>\n<p><a href=\"http:\/\/www.gruenau.bvoe.at\/veranstaltung\/theodora-bauer-liest-aus-chikago\">http:\/\/www.gruenau.bvoe.at\/veranstaltung\/theodora-bauer-liest-aus-chikago<\/a><\/p>\n<hr \/>\n<p><strong>Donnerstag, 26. April <\/strong>LESUNG<\/p>\n<p>Lesung in <strong>Kittsee<\/strong>, organisiert vom <strong>&#8222;Offenen Tisch&#8220;<\/strong> gemeinsam mit dem <strong>Kulturverein &#8222;KUKUK&#8220;<\/strong>.<\/p>\n<p><strong>Gasthaus Leban<\/strong>, Untere Hauptstra\u00dfe 41, 2421 Kittsee, <strong>19:00<\/strong><\/p>\n<hr \/>\n<p><strong>Freitag, 11. Mai<\/strong> LESUNG<\/p>\n<p>Lesung im Rahmen von <strong>achensee.literatour<\/strong> mit <strong>Theodora Bauer<\/strong> <strong>Posthotel Achenkirch<\/strong>, Lobby, Hnr. 382, 6215 Achenkirch, <strong>15:30<\/strong> Eintritt: Frei<\/p>\n<p><a href=\"https:\/\/www.achensee.com\/Veranstaltung\/achensee-literatour-lesung-mit-theodora-bauer\/\">https:\/\/www.achensee.com\/Veranstaltung\/achensee-literatour-lesung-mit-theodora-bauer\/<\/a><\/p>\n<p><a href=\"https:\/\/www.posthotel.at\/blog\/achensee-literatour\">https:\/\/www.posthotel.at\/blog\/achensee-literatour<\/a><\/p>\n<hr \/>\n<p><strong>Samstag, 12. Mai<\/strong> LESUNG<\/p>\n<p>Lesung im Rahmen von <strong>achensee.literatour<\/strong> mit <strong>Theodora Bauer<\/strong> und <strong>Hans Platzgumer<\/strong>. Autorengespr\u00e4ch moderiert von<strong> Thomas Rottenberg<\/strong>. <strong>Altes Widum<\/strong>, Hnr. 387, 6215 Achenkirch, <strong>20:00<\/strong> Eintritt: 12,-<\/p>\n<p><a href=\"https:\/\/www.achensee.com\/Veranstaltung\/achensee-literatour-lesung-2\/?instance_id=211745\">https:\/\/www.achensee.com\/Veranstaltung\/achensee-literatour-lesung-2\/?instance_id=211745<\/a><\/p>\n<hr \/>\n<p><strong>achensee.literatour<\/strong> findet vom <strong>10. bis 13. Mai<\/strong> statt. Eine \u00dcbersicht \u00fcber <strong>alle Veranstaltungen<\/strong> gibt es hier: <a href=\"https:\/\/www.achensee.com\/eventkalender\/cat_ids~1919\/\">https:\/\/www.achensee.com\/eventkalender\/cat_ids~1919\/<\/a><\/p>\n<hr \/>\n<p>Teilnahme am <strong>Young Writers Alpe Adria Festival<\/strong>, das von <strong>17. bis 19. Mai<\/strong> in <strong>Koprivnica, Kroatien<\/strong> stattfindet<\/p>\n<hr \/>\n<p><strong>Mittwoch, 23. Mai<\/strong> LESUNG<\/p>\n<p>Lesung im Rahmen der Veranstaltung <strong>Schluss mit Schweigen. Wir klagen an!<\/strong>, die von der Sorority organisiert wird. Gemeinsam mit <strong>Ann Cotten<\/strong>, <strong>Raphaela Edelbauer<\/strong>, <strong>Verena D\u00fcrr<\/strong>, <strong>Melisa Erkurt<\/strong>.<\/p>\n<p><strong>Courtroom Meidling<\/strong>, Bezirksgericht Meidling, Sch\u00f6nbrunner 222-228, 1120 Wien, <strong>20:00<\/strong><\/p>\n<p>N\u00e4here Infos hier <a href=\"https:\/\/www.facebook.com\/events\/602954030068037\/\">FB-Event<\/a> und hier <a href=\"https:\/\/sorority.at\/schluss-mit-schweigen-wir-klagen-an\/\">Sorority-Homepage<\/a><\/p>\n<hr \/>\n<p><strong>Freitag, 25. Mai<\/strong> LESUNG<\/p>\n<p><strong>Lesung und Gespr\u00e4ch<\/strong> im <strong>Lesekreis f\u00fcr Literaturliebhaber\/innen<\/strong> <strong>Haus der Begegnung<\/strong>, Kalvarienbergplatz 11, 7000 Eisenstadt, <strong>15:00<\/strong> Teilnahmegeb\u00fchr: 4,-<\/p>\n<p>Programm downzuloaden unter <a href=\"http:\/\/www.hdb-eisenstadt.at\/files\/Programm%201-2018.pdf\">HdB-PDF<\/a><\/p>\n<hr \/>\n<p><strong>Samstag, 26. Mai<\/strong> LESUNG<\/p>\n<p><strong>Lesung<\/strong> am Festival <strong>C&#8217;est la M\u00fc<\/strong> in der <strong>Cselley M\u00fchle<\/strong><\/p>\n<p><strong>Cselley M\u00fchle &#8211; Galerie<\/strong>, Sachsenweg 63, 7064 Oslip, <strong>16:45<\/strong><\/p>\n<p><a href=\"http:\/\/cestlamue.at\/\">http:\/\/cestlamue.at\/<\/a><\/p>\n<hr \/>\n<p><strong>Montag, 28. Mai<\/strong> PREISVERLEIHUNG<\/p>\n<p>Preisverleihung des <strong>Theodor-Kery-Preises 2018<\/strong> an <strong>Theodora Bauer<\/strong> in der Sparte <strong>&#8222;Literatur\/Publizistik&#8220;<\/strong><\/p>\n<p><a href=\"http:\/\/www.kerystiftung.at\/preistraeger\/preistraeger-2018\/\">HP der Burgenlandstiftung Theodor Kery<\/a><\/p>\n<hr \/>\n<p><strong>Freitag, 8. Juni<\/strong> WORKSHOP<\/p>\n<p><strong>Schreibworkshop<\/strong> <strong>f\u00fcr Jugendliche<\/strong> am Literaturhaus Mattersburg<\/p>\n<p><strong>Literaturhaus Mattersburg<\/strong>, Brunnenplatz 4, 7210 Mattersburg, <strong>16:00-20:00<\/strong><\/p>\n<p>N\u00e4here Infos und Anmeldung hier <a href=\"http:\/\/www.literaturhausmattersburg.at\/programm\/2018\/schreibworkshop-fuer-jugendliche\/\">Literaturhaus Mattersburg<\/a><\/p>\n<hr \/>\n<p><strong>Montag, 11. Juni<\/strong> LESUNG<\/p>\n<p>Lesung in <strong>Darmstadt<\/strong>, organisiert vom <strong>Bessunger Buchladen<\/strong>. Gemeinsam mit <strong>Michael Distelmann<\/strong>.<\/p>\n<p><strong>Vinothek und Kaffeebar Louis &amp; Louise<\/strong>, Forstmeisterstrasse 3, 64285 Darmstadt, <strong>20:00<\/strong><\/p>\n<p>N\u00e4here Infos hier <a href=\"https:\/\/www.bessunger-buchladen.de\/veranstaltungen\/theodora-bauer-und-ihr-roman-chikago\">Bessunger Buchladen<\/a><\/p>\n<hr \/>\n<p><strong>Samstag, 16. Juni<\/strong> LESUNG &amp; BALL<\/p>\n<p>Er\u00f6ffnung des <strong>Thalhof<\/strong> in <strong>Reichenau an der Rax<\/strong> mit einem gro\u00dfen <strong>Sommerball<\/strong>. Mit Texten von <strong>Arthur Schnitzler<\/strong>, <strong>Marie von Ebner-Eschenbach<\/strong>, <strong>Theodora Bauer<\/strong> und <strong>Martin Thomas Pesl<\/strong>. Es besteht die M\u00f6glichkeit, ein Shuttle <strong>ab Wien Oper<\/strong> mitzubuchen.<\/p>\n<p><strong>Thalhof<\/strong>, Thalhofstra\u00dfe 23, 2651 Reichenau an der Rax, <strong>ab 17:30<\/strong><\/p>\n<p>N\u00e4here Infos und Tickets hier <a href=\"https:\/\/www.thalhof-wortwiege.at\/projekt\/eroeffnung-sommerball\/\">Thalhof-Wortwiege &#8211; Sommerball<\/a><\/p>\n<hr \/>\n<p><strong>Dienstag, 19. Juni<\/strong> LESUNG<\/p>\n<p>Lesung am <strong>BORG Deutsch-Wagram<\/strong> im Rahmen der vom <strong>BV\u00d6<\/strong> gef\u00f6rderten Aktion <strong>&#8222;Geschichte in Geschichten&#8220;<\/strong>.<\/p>\n<hr \/>\n<p><strong>Freitag, 13. Juli<\/strong> LESUNG<\/p>\n<p>Lesung bei der <strong>Meile der Vielfalt<\/strong> zum Thema <strong>Vielfalt im Burgenland<\/strong><br \/>\n<strong>Fu\u00dfg\u00e4ngerzone<\/strong>, 7000 Eisenstadt, <strong>13:00 <\/strong><\/p>\n<hr \/>\n<p><strong>Donnerstag, 9. August<\/strong> PREMIERE<\/p>\n<p>Premiere meines St\u00fcckes <strong>Am Vorabend<\/strong>, das auf einer Erz\u00e4hlung von <strong>Marie von Ebner-Eschenbach<\/strong> basiert und gemeinsam mit einer <strong>Adaption des Urtextes<\/strong> aufgef\u00fchrt wird.<\/p>\n<p>Mit: <strong>Daniel F. Kamen, Martin Schwanda, Petra Staduan, Doina Weber<br \/>\n<\/strong>Regie: <strong>Anna Maria Krassnigg +<\/strong> <strong>J\u00e9r\u00f4me Junod<br \/>\n<\/strong>B\u00fchne: <strong>Lydia Hofmann<br \/>\n<\/strong>Kost\u00fcm: <strong>Antoaneta Stereva<br \/>\n<\/strong>Musik: <strong>Christian Mair<br \/>\n<\/strong>Dramaturgische Begleitung: <strong>Karl Baratta<\/strong><br \/>\nDramaturgie Programmheft: <strong>J\u00e9r\u00f4me Junod<\/strong><br \/>\nRegieassistenz: <strong>Marie-Therese Handle<br \/>\n<\/strong>B\u00fchnentechnik: <strong>Christoph W\u00f6lflingseder<\/strong><\/p>\n<p>N\u00e4here Infos hier <a href=\"https:\/\/www.thalhof-wortwiege.at\/projekt\/das-taegliche-leben-am-vorabend\/\">Das t\u00e4gliche Leben + Am Vorabend<\/a><\/p>\n<p>Vor der Vorstellung wird es <strong>ab 17:30<\/strong> ein <strong>Thalhofgespr\u00e4ch<\/strong> mit mir geben.<\/p>\n<p><a href=\"https:\/\/www.thalhof-wortwiege.at\/projekt\/thalhofgespraeche-2018\/\">Termine und G\u00e4ste der Thalhofgespr\u00e4che<\/a><\/p>\n<hr \/>\n<p><strong>Am Vorabend<\/strong> wird von <strong>9. bis 30. August<\/strong> im Rahmen des <strong>Thalhof Festivals<\/strong> in <strong>Reichenau an der Rax<\/strong> gemeinsam mit zwei anderen Produktionen und einigen anderen spannenden Veranstaltungen zu sehen sein.<\/p>\n<p>N\u00e4here Infos hier <a href=\"https:\/\/www.thalhof-wortwiege.at\/\">Thalhof Homepage<\/a><\/p>\n<hr \/>\n<p><strong>Samstag, 11.<\/strong> und <strong>Sonntag, 12. August<\/strong> SZENISCHE LESUNG<\/p>\n<p><strong>papier.waren.pospischil<\/strong> wird in der szenischen Gestaltung, die bereits <strong>2017<\/strong> am <strong>Festival Neues Wiener Volkstheater<\/strong> gegeben wurde, dieses Jahr bei <strong>Hin &amp; Weg &#8211; Die Tage f\u00fcr zeitgen\u00f6ssische Theaterunterhaltung<\/strong> zu sehen sein.<\/p>\n<p>Szenische Einrichtung: <strong>Anna Marboe<\/strong><\/p>\n<p>Mit: <strong>Doris Weiner, Eduard Wildner, Marlene Hauser, Julian Waldner, Lorenzo Schicho<\/strong><\/p>\n<p><strong>St\u00e4dtische B\u00fchnen<\/strong>, H\u00f6rmanns 1, 3874 Litschau<\/p>\n<p>am <strong>11.8<\/strong> um <strong>15:00<\/strong><\/p>\n<p>am <strong>12.8.<\/strong> um <strong>13:00<\/strong><\/p>\n<p>N\u00e4here Infos zum St\u00fcck <a href=\"http:\/\/www.hinundweg.jetzt\/ereignisse\/papier-waren-pospischil\/\">papier.waren.pospischil<\/a><\/p>\n<p>N\u00e4here Infos zu den Terminen <a href=\"http:\/\/www.hinundweg.jetzt\/zeitplan\/\">papier.waren.pospischil &#8211; Termine<\/a><\/p>\n<p><a href=\"http:\/\/www.hinundweg.jetzt\/gelaendeplan\/\">Gel\u00e4ndeplan<\/a><\/p>\n<hr \/>\n<p><strong>Hin &amp; Weg &#8211; Die Tage f\u00fcr zeitgen\u00f6ssische Theaterunterhaltung<\/strong> in <strong>Litschau\/Herrensee<\/strong> finden von <strong>10. bis 19. August<\/strong> statt. Neben Theaterauff\u00fchrungen, St\u00fcckelesungen und Diskussionsrunden am Lagerfeuer gibt es auch Workshops und zahlreiche andere spannende Formate.<\/p>\n<p>N\u00e4here Infos hier <a href=\"http:\/\/www.hinundweg.jetzt\/\">Hin &amp; Weg <\/a>und hier <a href=\"https:\/\/www.noen.at\/noen-aktionen\/litschau-am-herrensee-hin-weg-tage-fuer-zeitgenoessische-thaterunterhaltung-94303372\">N\u00d6N<\/a><\/p>\n<hr \/>\n<p><strong>Montag, 20. bis Samstag, 25. August<\/strong> SCHREIBWORKSHOP<\/p>\n<p>Eine Woche lang werde ich mit Jugendlichen im Rahmen der <strong>Eisenst\u00e4dter Jugendkulturtage 2018<\/strong> schreiben und mit Texten experimentieren.<\/p>\n<p><strong>Workshopzeiten<\/strong>: Mo-Fr 10-18 Uhr, gemeinsames Mittagessen, Pr\u00e4sentation der Texte am Sa ab 17 Uhr.<\/p>\n<p>Die Teilnahme ist f\u00fcr <strong>Eisenst\u00e4dterInnen<\/strong> von <strong>12-20 Jahren<\/strong> kostenlos.<\/p>\n<p><strong>Anmeldung bis 31. Juli<\/strong> und <strong>Programmdownload<\/strong> unter <a href=\"http:\/\/ecube.hico-nms.at\/\">E_Cube Eisenstadt<\/a><\/p>\n<p><strong>E_Cube<\/strong>, Zielgerade 1, 7000 Eisenstadt<\/p>\n<hr \/>\n<p><strong>Donnerstag, 6. September<\/strong> literaTOUR<\/p>\n<p>Sendungsausstrahlung:<strong> Theodora Bauer<\/strong> trifft <strong>Thomas Raab<\/strong>.<\/p>\n<p>Ausstrahlung auf <strong>ServusTV<\/strong>, 23:25 (WH: Sonntag, 9.9., 8:30)<\/p>\n<p><a href=\"https:\/\/presse.servustv.com\/News_Detail.aspx?id=69436&amp;menueid=8004&amp;l=%c3%b6sterreich&amp;medium=PResstige\">Theodora Bauer trifft Thomas Raab<\/a><\/p>\n<hr \/>\n<p><strong>Freitag, 14. September<\/strong> SCHREIBWORKSHOP<\/p>\n<p><strong>Scheibworkshop f\u00fcr Jugendliche<\/strong> am <strong>Literaturhaus Mattersburg<\/strong>. N\u00e4here Infos und Anmeldung unter: <a href=\"http:\/\/www.literaturhausmattersburg.at\/programm\/2018\/schreibworkshop-fuer-jugendliche\/\">Literaturhaus Mattersburg<\/a><\/p>\n<p><strong>Literaturhaus Mattersburg<\/strong>, Brunnenplatz 4, 7210 Mattersburg, <strong>16 &#8211; 20 Uhr<\/strong><\/p>\n<hr \/>\n<p><strong>Donnerstag, 20. September<\/strong> literaTOUR<\/p>\n<p>Sendungsausstrahlung:<strong> Theodora Bauer<\/strong> trifft <strong>David Schalko<\/strong>.<\/p>\n<p>Ausstrahlung auf <strong>ServusTV<\/strong>, 23:25 (WH: Sonntag, 23.9., 8:30)<\/p>\n<p><a href=\"https:\/\/presse.servustv.com\/news-literatour-theodora-bauer-trifft-david-schalko?id=69979&amp;menueid=8004\">Theodora Bauer trifft David Schalko<\/a><\/p>\n<hr \/>\n<p><strong>Samstag, 22. September<\/strong> LESUNG<\/p>\n<p>Lesung im Rahmen der <strong>Literaturtage im Weinwerk<\/strong> in <strong>Neusiedl am See<\/strong>. Die Literaturtage finden von <strong>21.-23. September<\/strong> statt und bieten ein <strong>reichhaltiges Programm<\/strong>. Ich lese gemeinsam mit <strong>Karin Ivancsics<\/strong>, moderiert wird von <strong>Michaela Fr\u00fchst\u00fcck<\/strong>.<\/p>\n<p><strong>Vinothek Weinwerk Burgenland<\/strong>, Obere Hauptstra\u00dfe 31, 7100 Neusiedl am See, <strong>17:30<\/strong><\/p>\n<p><a href=\"http:\/\/www.literaturtage-weinwerk.at\">Weinwerk<\/a><\/p>\n<hr \/>\n<p><strong>Montag, 24. September<\/strong> LESUNG<\/p>\n<p>Lesung im Rahmen der Lesereihe <strong>Blumenmontag<\/strong> gemeinsam mit <strong>Laura Freudenthaler<\/strong> und <strong>J\u00f6rg Piringer<\/strong>. Es moderiert: <strong>Jopa Jotakin<\/strong>.<\/p>\n<p><strong>Caf\u00e9 Stadtbahn<\/strong>, Gersthofer Stra\u00dfe 47, 1180 Wien, <strong>20:00<\/strong><\/p>\n<p><a href=\"https:\/\/www.falter.at\/event\/810777\/blumenmontag\">Falter Eventank\u00fcndigung Blumenmontag<\/a><\/p>\n<hr \/>\n<p><strong>Dienstag, 25. September<\/strong> LESUNG<\/p>\n<p><strong>Lesung<\/strong> in der Ausstellung <strong>\u201eWoandershin | Einwandern &#8211; Auswandern\u201c<\/strong> im <strong>Museum Hartberg<\/strong>, veranstaltet von der <strong>B\u00fccherei Hartberg<\/strong>.<\/p>\n<p><strong>Museum Hartberg<\/strong>, Herrengasse 6, 8230 Hartberg, <strong>19:00<\/strong><\/p>\n<p><a href=\"https:\/\/www.eventrakete.at\/hartberg\/lesung-chikago-von-theodora-bauer\/\">Lesung Hartberg<\/a><\/p>\n<hr \/>\n<p><strong>Donnerstag, 27. September<\/strong> literaTOUR<\/p>\n<p>Sendungsausstrahlung:<strong> Theodora Bauer<\/strong> trifft <strong>Heinz Fischer<\/strong>.<\/p>\n<p>Ausstrahlung auf <strong>ServusTV<\/strong>, 23:25 (WH: Sonntag, 23.9., 8:30)<\/p>\n<p><a href=\"https:\/\/presse.servustv.com\/news-ein-spaziergang-mit-heinz-fischer?id=70137&amp;menueid=8004\">Theodora Bauer trifft Heinz Fischer<\/a><\/p>\n<hr \/>\n<p><strong>Freitag, 28. September<\/strong> WORKSHOP<\/p>\n<p>Anl\u00e4sslich des <strong>Langen Tages der Flucht<\/strong>, der vom <strong>UNHCR <\/strong>veranstaltet wird, halte ich in Kooperation mit <strong>Kultur Kontakt Austria<\/strong> einen <strong>Literaturworkshop<\/strong> an einer Schule ab.<\/p>\n<p>Die Veranstaltung ist bereits ausgebucht.<\/p>\n<p><a href=\"http:\/\/www.langertagderflucht.at\/veranstaltung\/details?id=180077\">Langer Tag der Flucht<\/a><\/p>\n<hr \/>\n<p><strong>Dienstag, 2. Oktober<\/strong> LESUNG<\/p>\n<p>Lesung aus <strong>Chikago<\/strong> im <strong>Haus des Sehens<\/strong>.<\/p>\n<p><strong>H\u00f6rb\u00fccherei des BSV\u00d6<\/strong> (vormals \u00d6BSV), Hietzinger Kai 85, 1130 Wien, <strong>19:00<\/strong><\/p>\n<p><a href=\"http:\/\/www.hoerbuecherei.at\/home\/1994\">Lesung H\u00f6rb\u00fccherei<\/a><\/p>\n<hr \/>\n<p><strong>Freitag, 5. Oktober <\/strong>LESUNG<\/p>\n<p>Lesung aus <strong>Chikago<\/strong> in der <strong>B\u00fccheria Haslau-Maria Ellend<\/strong>.<\/p>\n<p><strong>B\u00fccheria Haslau-Maria Ellend<\/strong>, Kulturplatz 1, 2402 Maria Ellend, <strong>19:00<\/strong><\/p>\n<p><a href=\"http:\/\/haslau-mariaellend.bvoe.at\/\">B\u00fccheria<\/a><\/p>\n<hr \/>\n<p><strong>Samstag, 6. Oktober <\/strong>PR\u00c4SENTATION<\/p>\n<p>Pr\u00e4sentation der Ergebnisse der <strong>Eisenst\u00e4dter Jugendkulturtage 2018<\/strong> im Rahmen der <strong>Langen Nacht der Museen<\/strong>. Es lesen die TeilnehmerInnen des Workshops.<\/p>\n<p><strong>Pulverturm+Pongratzhaus<\/strong>, Lionsplatz 1, 7000 Eisenstadt, literarische Beitr\u00e4ge um <strong>20:30 <\/strong>und<strong> 21:30<br \/>\n<\/strong><\/p>\n<p><a href=\"https:\/\/langenacht.orf.at\/museum\/bl\/burgenland\/li\/pongratzhaus-pulverturm\/\">Lange Nacht der Museen<\/a><\/p>\n<hr \/>\n<p><strong>Sonntag, 7. Oktober<\/strong> ER\u00d6FFNUNG<\/p>\n<p>Halten einer<strong> Er\u00f6ffnungsrede<\/strong> bei der <strong>Er\u00f6ffnung der Buchwochen<\/strong> im <strong>Offenen Haus Oberwart<\/strong>.<\/p>\n<p><strong>OHO<\/strong>, Lisztgasse 12, 7400 Oberwart, <strong>17:00<\/strong><\/p>\n<p><a href=\"https:\/\/www.oho.at\/segmente\/literatur\/buchwochen-2018\/\">Er\u00f6ffnung der Buchwochen 2018<\/a><\/p>\n<hr \/>\n<p><strong>Sonntag, 14. Oktober<\/strong> literaTOUR<\/p>\n<p>Sendungsausstrahlung:<strong> literaTOUR: Frankfurter Buchmesse Spezial <\/strong>.<\/p>\n<p>Ausstrahlung auf <strong>ServusTV \u00d6sterreich <\/strong>um<strong> 23:00 <\/strong>und auf<strong> ServusTV Deutschland <\/strong>um<strong> 17:00<\/strong><\/p>\n<p><a href=\"https:\/\/presse.servustv.com\/news-literatour-frankfurter-buchmesse-spezial?id=70935&amp;menueid=11906\">Frankfurter Buchmesse Spezial<\/a><\/p>\n<hr \/>\n<p><strong>Dienstag, 16. Oktober<\/strong> LESUNG<\/p>\n<p>Lesung in Kooperation mit der <strong>\u00d6ffentlichen Bibliothek Bad Sauerbrunn<\/strong> im Rahmen der <strong>&#8222;\u00d6sterreich Liest&#8220;-Woche<\/strong>.<\/p>\n<p><strong>Der Sonnenberghof<\/strong>, Hartikgasse 4, 7202 Bad Sauerbrunn, <strong>19:30<\/strong><\/p>\n<p><a href=\"http:\/\/www.badsauerbrunn.bvoe.at\/veranstaltungen\">Lesung Bad Sauerbrunn<\/a><\/p>\n<hr \/>\n<p><strong>Mittwoch, 17. Oktober<\/strong> LESUNG<\/p>\n<p>Lesung in der <strong>B\u00fccherei Dostluk<\/strong> im Rahmen der <strong>&#8222;\u00d6sterreich Liest&#8220;-Woche<\/strong>.<\/p>\n<p><strong>B\u00fccherei Dostluk<\/strong>, Stadtbahnbogen 56-57, Hernalser G\u00fcrtel, 1080 Wien, <strong>19:00<\/strong><\/p>\n<p><a href=\"http:\/\/www.dostluk.bvoe.at\/veranstaltungen\">B\u00fccherei Dostluk<\/a><\/p>\n<hr \/>\n<p><strong>Donnerstag, 18. Oktober<\/strong> LESUNG<\/p>\n<p>Lesung in Kooperation mit der <strong>Stadtb\u00fccherei Baden<\/strong> im Rahmen der <strong>&#8222;\u00d6sterreich Liest&#8220;-Woche<\/strong>.<\/p>\n<p><strong>Theater am Steg<\/strong>, Johannesgasse 14, 2500 Baden, <strong>19:00<\/strong><\/p>\n<hr \/>\n<p><strong>Freitag, 19. Oktober <\/strong>LESUNG<\/p>\n<p>Lesung in der <strong>\u00d6ffentlichen Bibliothek Orth an der Donau <\/strong>im Rahmen der<strong><strong>&#8222;\u00d6sterreich Liest&#8220;-Woche<\/strong><\/strong>.<\/p>\n<p><strong>\u00d6ffentliche Bibliothek Orth an der Donau<\/strong>, Am Markt 26 [Im Gemeindeamt 2. Stock (Lift)], 2304 Orth an der Donau, <strong>19:00<\/strong><\/p>\n<p><a href=\"http:\/\/www.bibliothekorth.at\/html\/53\/D\/termine.asp?pass=x&amp;rn=202295\">\u00d6ffentliche Bibliothek Orth an der Donau<\/a><\/p>\n<hr \/>\n<p><strong>Dienstag, 23. Oktober<\/strong> GALA<\/p>\n<p><strong>Preisverleihung<\/strong> des <strong>Alpha-Literaturpreises 2018<\/strong>. Im Finale stehen <strong>Theodora Bauer<\/strong>, <strong>Petra Piuk<\/strong> und <strong>Iris Wolff<\/strong>. Durch den Abend f\u00fchrt <strong>Clarissa Stadler<\/strong>.<\/p>\n<p><strong>Studio 44<\/strong>, Rennweg 44, 1038 Wien, <strong>18:30<\/strong><\/p>\n<hr \/>\n<p><strong>Mittwoch, 24. Oktober<\/strong> AUSSTRAHLUNG<\/p>\n<p>Ich darf <strong>Hanno Settele<\/strong> das Burgenland verkaufen. Oder so. Und zwar im Rahmen von <strong>&#8222;DOKeins: Der Kurier des Kaisers: Burgenland for Sale&#8220;<\/strong>.<\/p>\n<p>Die Sendung wird ausgestrahlt auf <strong>ORF1<\/strong> um <strong>20:15<\/strong><\/p>\n<p><a href=\"https:\/\/tv.orf.at\/highlights\/orf1\/kurier_des_kaisers100.html\">Kurier des Kaisers<\/a><\/p>\n<hr \/>\n<p><strong>Donnerstag, 25. Oktober <\/strong>LESUNG<\/p>\n<p>Lesung aus <strong>Chikago<\/strong> in der <strong>B\u00fccherei Kirchschlag<\/strong>.<\/p>\n<p><strong>\u00d6ffentliche B\u00fccherei der Pfarre Kirchschlag<\/strong>, Passionsspielstra\u00dfe 3, 2860 Kirchschlag, <strong>19:00<\/strong><\/p>\n<p><a href=\"http:\/\/buecherei-kirchschlag.noebib.at\/html\/94\/D\/home.asp?pass=x&amp;p_direct=yes&amp;rn=241928\">B\u00fccherei Kirchschlag<\/a><\/p>\n<hr \/>\n<p><strong>Freitag, 26. Oktober<\/strong> THEATER<\/p>\n<p>Auff\u00fchrung meines <strong>Romans &#8222;Chikago&#8220;<\/strong> als <strong>szenische Lesung<\/strong> im Rahmen von <strong>Szene \u00d6sterreich<\/strong>, der Wien-Dependance von <strong>Thalhof wortwiege.<\/strong><\/p>\n<p>Mit: <strong>Nina Gabriel, Anna Maria Krassnigg, <b>Luka Vlatkovic<\/b><br \/>\n<\/strong>Text: <strong>Theodora Bauer<br \/>\n<\/strong>Szenische Fassung: <strong><em>wortwiege <\/em>(Karl Baratta, Marie-Therese Handle-Pfeiffer, Anna Maria Krassnigg)<br \/>\n<\/strong>Regie: <strong>Anna Maria Krassnigg<br \/>\n<\/strong>Kost\u00fcmbild: <strong>Antoaneta Stereva<br \/>\n<\/strong>Musik: <b>Luka Vlatkovic<\/b><\/p>\n<p><strong>Alte Bibliothek<\/strong>, Gr\u00fcnangergasse 4, 1010 Wien, <strong>19:30<\/strong><\/p>\n<p><strong>weitere Termine<\/strong> sind der <strong>27.10.<\/strong>, <strong>2.11.<\/strong> und <strong>3.11.<\/strong><\/p>\n<p><a href=\"https:\/\/www.thalhof-wortwiege.at\/projekt\/chikago\/\">Szene \u00d6sterreich &#8211; Chikago<\/a><\/p>\n<hr \/>\n<p><strong>Freitag, 26. Oktober<\/strong> AUSSTRAHLUNG<\/p>\n<p>Ich darf bei der Sendung <strong>&#8222;Heimat gro\u00dfer T\u00f6chter und S\u00f6hne&#8220;<\/strong> das Burgenland repr\u00e4sentieren.<\/p>\n<p>Die Sendung wird ausgestrahlt auf <strong>ORF 2<\/strong> um <strong>22:45<\/strong>, eine Wiederholung gibt es am <strong>27.10.<\/strong> ebenfalls auf <strong>ORF2<\/strong> um <strong>3:10<\/strong><\/p>\n<p><a href=\"https:\/\/tv.orf.at\/program\/orf2\/20181026\/864001101\/\">Heimat gro\u00dfer T\u00f6chter und S\u00f6hne<\/a><\/p>\n<hr \/>\n<p><strong>Donnerstag, 8. November<\/strong> LESUNG\/PR\u00c4SENTATION<\/p>\n<p><strong>Pr\u00e4sentation der Texte<\/strong> aus der <strong>Schreibwerkstatt f\u00fcr Jugendliche<\/strong> am <strong>Literaturhaus Mattersburg<\/strong>. Leitung der Workshops und Moderation des Abends: <strong>Theodora Bauer<\/strong>.<\/p>\n<p><strong>Literaturhaus Mattersburg<\/strong>, Brunnenplatz 4, 7210 Mattersburg, <strong>18:00<\/strong><\/p>\n<p><a href=\"https:\/\/www.literaturhausmattersburg.at\/programm\/2018\/texte-aus-der-jugendschreibwerkstatt\/\">Pr\u00e4sentation Schreibwerkstatt<\/a><\/p>\n<hr \/>\n<p><strong>Freitag, 9. November<\/strong> SCHULLESUNG<\/p>\n<p>tba<\/p>\n<hr \/>\n<p><strong>Freitag, 9. November<\/strong> LESUNG<\/p>\n<p>Lesung in Pinkafeld im Rahmen des <strong>BV\u00d6-Projekts &#8222;Geschichte in Geschichten<\/strong>.<\/p>\n<p><strong>Volksschule und allgemeine Sonderschule Pinkafeld<\/strong>, Rathausplatz 11, 7423 Pinkafeld, <strong>19:00<\/strong><\/p>\n<p><a href=\"http:\/\/www.pinkafeld-online.at\/?dtid=349&amp;smid=77&amp;datum=9.11.2018\">Lesung Pinkafeld<\/a><\/p>\n<hr \/>\n<p>Von <strong>15. November bis 28. November<\/strong> bin ich auf einer <strong>Lesereise<\/strong> in den <strong>Vereinigten Staaten<\/strong>, die dankenswerter Weise vom <strong>\u00d6sterreichischen Kulturforum in New York (ACFNY)<\/strong> unterst\u00fctzt wird.<\/p>\n<p>Die Seite wird laufend mit neuen Terminen aktualisiert:<br \/>\n<a href=\"http:\/\/www.acfny.org\/event\/theodora-bauer-on-literary-tour\/\">ACFNY-supported reading tour<\/a><\/p>\n<hr \/>\n<p><strong>Samstag, 17. November<\/strong> LESEREISE \/ LESUNG &amp; MUSIK<\/p>\n<p>Lesung im Anschluss an die Verleihung des <strong>AATG-Awards<\/strong> im Rahmen der <strong>Annual Confrence of the American Association of Teachers of German (AATG)<\/strong> in <strong>New Orleans, Louisiana<\/strong>. Mit musikalischer Begleitung an der <strong>Gitarre<\/strong> durch <strong>Martina Sch\u00e4ffer<\/strong>.<\/p>\n<p><strong>Hilton New Orleans Riverside<\/strong>, 2 Poydras St, New Orleans, LA 70130, USA, Room Churchill D, <strong>19:30<\/strong><\/p>\n<p><a href=\"https:\/\/ww5.aievolution.com\/tfl1801\/index.cfm?do=abs.viewAbs&amp;abs=3310\">Veranstaltung New Orleans<\/a><\/p>\n<hr \/>\n<p><strong>Montag, 19. November<\/strong> LESEREISE \/ LESUNG<\/p>\n<p>Lesung und Diskussion zum Thema <strong>&#8222;Family, Generations &amp; Migration: The Austrian-American Experience&#8220;<\/strong> geimeinsam mit der Schriftstellerin <strong>Sarah Wildman<\/strong>. Moderation: <strong>Amanda Sheffer<\/strong><\/p>\n<p><strong>Austrian Cultural Forum Washington\/Embassy of Austria<\/strong>,<br \/>\n3524 International Court, NW, Washington, DC 20008, <strong>19:00<\/strong><\/p>\n<p><a href=\"http:\/\/acfdc.org\/events-2018\/reading-discussion-family-generations-migration\">Event Washington<\/a><\/p>\n<hr \/>\n<p><strong>Dienstag, 20. November<\/strong> LESEREISE \/ LESUNG<\/p>\n<p>Lesung an der <strong>University of Utah \/ Department of World Languages and Cultures<\/strong><\/p>\n<p><strong>University of Utah<\/strong>, Department of World Languages &amp; Cultures, Languages &amp; Communication Bldg, 255 S Central Campus Dr., Rm 1400, Salt Lake City, UT 84112, Room LNCO 2110, <strong>12:25<\/strong><\/p>\n<p><a href=\"https:\/\/languages.utah.edu\/news\/austrianauthorvisit.php\">Events Salt Lake City<\/a><\/p>\n<hr \/>\n<p><strong>Mittwoch, 21. November<\/strong> LESEREISE \/ DISKUSSION<\/p>\n<p>Diskussion an der <strong>University of Utah \/ Department of World Languages and Cultures<\/strong><\/p>\n<p><strong>University of Utah<\/strong>, Department of World Languages &amp; Cultures, Languages &amp; Communication Bldg, 255 S Central Campus Dr., Rm 1400, Salt Lake City, UT 84112, Room LNCO 1945, <strong>15:00<\/strong><\/p>\n<p><a href=\"https:\/\/languages.utah.edu\/news\/austrianauthorvisit.php\">Events Salt Lake City<\/a><\/p>\n<hr \/>\n<p><strong>Samstag, 24. November<\/strong> LESEREISE \/ LESUNG<\/p>\n<p>Lesung an der <strong>German Canadian Cultural Society<\/strong><\/p>\n<p><strong>Linden Room<\/strong> at the German Canadian Cultural Society, 8310 Roper Road NW, Edmonton, Alberta, Canada, <strong>15:00<\/strong><\/p>\n<hr \/>\n<p>Die letzten beiden Veranstaltungen meiner Lesereise sind Teil des <strong>Festivals New Literature from Europe <\/strong>in <strong>New York City<\/strong>.<\/p>\n<p><a href=\"https:\/\/www.newlitfromeurope.com\/\">New Literature from Europe<\/a><\/p>\n<hr \/>\n<p><strong>Dienstag, 27. November<\/strong> LESEREISE \/ PANEL<\/p>\n<p>Teilnahme an dem Panel <strong>&#8222;Migration: Bridging the Gaps&#8220;<\/strong> im Rahmen des <strong>Festavials New Literature from Europe<\/strong> in <strong>NYC<\/strong>, gemeinsam mit <strong>Bruno Vieira Amaral (Portugal)<\/strong>, <strong>Adrian Grima (Malta)<\/strong> und <strong>Esther Kinsky (Germany)<\/strong>.<\/p>\n<p><strong>Instituto Cervantes<\/strong>, 211 East 49th Street, New York, NY 10017, USA, <strong>20:10<\/strong><\/p>\n<p><a href=\"https:\/\/www.eventbrite.com\/e\/migration-bridging-the-gaps-tickets-51250335132\">Migration: Bridging the Gaps<\/a><\/p>\n<hr \/>\n<p><strong>Mittwoch, 28. November<\/strong> LESEREISE \/ LESUNG<\/p>\n<p><strong>Instituto Cervantes<\/strong>, 211 East 49th Street, New York, NY 10017, USA, <strong>18:45<\/strong><\/p>\n<p><strong>Lesung<\/strong> im Rahmen der Veranstaltung <strong>&#8222;European Voices in O.V.&#8220;<\/strong>, die Teil des <strong>Festivals New Literature from Europe<\/strong> ist.<\/p>\n<p>Es lesen <strong>Bruno Vieira Amaral (Portugal), Theodora Bauer (Austria), Gabija Gru\u0161ait\u0117 (Lithuania), Vladimir Poleganov (Bulgaria), Ioana P\u00e2rvulescu (Romania), Ferenc Temesi (Hungary), Chiara Valerio (Italy)<\/strong>.<\/p>\n<p><a href=\"https:\/\/www.eventbrite.com\/e\/reading-european-voices-in-ov-tickets-51250678158\">Reading: European Voices in O.V.<\/a><\/p>\n<hr \/>\n<p><strong>Donnerstag, 6. Dezember<\/strong> literaTOUR<\/p>\n<p>Sendungsausstrahlung: <strong>Theodora Bauer <\/strong>trifft<strong> Philipp Weiss<\/strong>.<\/p>\n<p><strong>Ausstrahlung<\/strong> auf <strong>ServusTV<\/strong>, <strong>23:25<\/strong> (WH: <strong>Sonntag, 9.12., 8:30<\/strong>)<\/p>\n<hr \/>\n<p><strong>Donnerstag, 13. Dezember<\/strong> literaTOUR<\/p>\n<p>Sendungsausstrahlung: <strong>Theodora Bauer <\/strong>trifft<strong> Erika Pluhar<\/strong>.<\/p>\n<p><strong>Ausstrahlung<\/strong> auf <strong>ServusTV<\/strong>, <strong>23:25<\/strong> (WH: <strong>Sonntag, 16.12., 8:30<\/strong>)<\/p>\n<hr \/>\n<h1><strong>2019<\/strong><\/h1>\n<hr \/>\n<p><strong>Donnerstag, 17. J\u00e4nner 2019<\/strong> LESUNG + WORKSHOP<\/p>\n<p><strong>Lesung und Workshop<\/strong> an der <strong>Universit\u00e4t in Maribor<\/strong><\/p>\n<p><strong>Universit\u00e4t Maribor<\/strong>, Philosophische Fakult\u00e4t, Raum 2.12., 160 Koro\u0161ka cesta, Maribor, Slowenien, <strong>9:40 und 11:00<\/strong><\/p>\n<p><a href=\"https:\/\/kf-laibach.squarespace.com\/veranstaltungen-2019\/2019\/1\/3\/theodora-bauer-lesung-und-schreibwerkstatt\">Veranstaltung Maribor<\/a><\/p>\n<hr \/>\n<p><strong>Freitag, 8. Februar 2019<\/strong> LESUNG<\/p>\n<p>Lesung in der <strong>Gemeindeb\u00fccherei Ollersdorf<\/strong><\/p>\n<p><strong>Gemeindeb\u00fccherei Ollersdorf<\/strong>, Gemeindeplatz 1, 7533 Ollersdorf, Gro\u00dfer Saal, <strong>18:00<\/strong><\/p>\n<hr \/>\n<p><strong>Freitag, 22. Februar 2019<\/strong> PERFORMANCE<\/p>\n<p>Performance der <strong>Vagina Monologe<\/strong> von <strong>Eve Ensler<\/strong> anl\u00e4sslich des <strong>V-Day 2019<\/strong>. Diese Veranstaltung ist eine <strong>Benefizveranstaltung<\/strong>.<\/p>\n<p>Es lesen <strong>Theodora Bauer, Michaela Fr\u00fchst\u00fcck, Vikt\u00f3ria Kery-Erd\u00e9ly, Kristina Milosits, Regina Petrik, Inge Posch-Gruska, Ulla Reisinger, Annemarie Reiss, Christl Reiss, Katharina Tiwald, Nina Wallner, Uschi Zezelitsch<\/strong> und Repr\u00e4sentantinnen von <strong>Frauenhaus Burgenland<\/strong>.<\/p>\n<p><strong>Bauernm\u00fchle Mattersburg<\/strong>, Schubertstra\u00dfe 53, 7210 Mattersburg, <strong>19:00<\/strong><\/p>\n<p><a href=\"https:\/\/www.facebook.com\/V-Day-Mattersburg-2182086258719450\/\">Veranstaltungsseite auf FB<\/a><\/p>\n<hr \/>\n<p><strong>Freitag, 1. M\u00e4rz 2019<\/strong> WORKSHOP<\/p>\n<p><strong>Literaturworkshop f\u00fcr Kinder und Jugendliche<\/strong> am <strong>Literaturhaus Mattersburg<\/strong> unter der Leitung von <strong>Theodora Bauer<\/strong>.<\/p>\n<p><strong>Literaturhaus Mattersburg<\/strong>, Brunnenplatz 4, 7210 Mattersburg, <strong>16:00-20:00<\/strong><\/p>\n<hr \/>\n<p><strong>Donnerstag, 7. M\u00e4rz 2019<\/strong> MODERATION<\/p>\n<p><strong>Pe\u0161ut\/Ballhausen: Liebe und andere K\u00f6rner im Alltagsgetriebe.<\/strong> Eine Veranstaltung von <strong>kultur kontakt austria<\/strong>.<\/p>\n<p>Es lesen: <strong>Dino Pe\u0161ut, Thomas Ballhausen, Bettina Kerl<\/strong> (Schauspielerin). Die Texte von Dino Pe\u0161ut wurden von <strong>Masa Dabi\u0107<\/strong> ins Deutsche \u00fcbersetzt. <strong>Moderation: Theodora Bauer<\/strong><\/p>\n<p><strong>Buchcaf\u00e9 Melange<\/strong>, Reindorfgasse 42, 1150 Wien, <strong>19:00<\/strong><\/p>\n<p><a href=\"https:\/\/www.kulturkontakt.or.at\/html\/D\/airkalender.asp?guid=%7BE812B19D-B9CD-49AC-B5C9-611FC506A241%7D\">Pesut\/Ballhausen Moderation<\/a><\/p>\n<hr \/>\n<p><strong>Donnerstag, 14. M\u00e4rz 2019<\/strong> MODERATION<\/p>\n<p><strong>Release-Party: Literatur im Fr\u00fchjahr.<\/strong> Ich moderiere die Pr\u00e4sentation des <strong>literarischen Fr\u00fchlingsprogramms<\/strong> des <strong>Kremayr &amp; Scheriau<\/strong>-Verlags. Musik von <strong>DJ Chez Del<\/strong><\/p>\n<p><strong>Harald J\u00f6llinger<\/strong>, <strong>Andrea Stift-Laube<\/strong> und <strong>Eva Woska-Nimmervoll <\/strong>lesen und pr\u00e4sentieren ihre neuen B\u00fccher.<\/p>\n<p><strong>phil<\/strong>, Gumpendorfer Stra\u00dfe 10, 1060 Wien, <strong>19:00<\/strong><\/p>\n<p><a href=\"http:\/\/www.kremayr-scheriau.at\/event\/unerhoerte-literatur-release-party-4\/\">Unerh\u00f6rte Literatur: Release-Party!<\/a><\/p>\n<hr \/>\n<p><strong>Donnerstag, 23. M\u00e4rz 2019<\/strong> literaTOUR<\/p>\n<p><strong>Theodora Bauer trifft Vea Kaiser<\/strong>. Sendungsausstrahlung von <strong>literaTOUR<\/strong>.<\/p>\n<p><strong>ServusTV, 23:25<\/strong> und am<strong> 24.3.<\/strong> um <strong>8:30<\/strong><\/p>\n<p><a href=\"https:\/\/presse.servustv.com\/news-literatour-theodora-bauer-trifft-vea-kaiser?id=79203&amp;menueid=11906\">Theodora Bauer trifft Vea Kaiser<\/a><\/p>\n<hr \/>\n<p><strong>Freitag, 22. M\u00e4rz 2019<\/strong> PREMIERE<\/p>\n<p>Premiere meines St\u00fcckes <strong>papier.waren.pospischil<\/strong> am <strong>Salzburger Landestheater<\/strong>.<\/p>\n<p><strong>Besetzung:<\/strong><\/p>\n<div>\n<div>\n<div id=\"regieteam\">\n<p>Inszenierung <a title=\"Claus Tr\u00f6ger\" href=\"https:\/\/www.salzburger-landestheater.at\/de\/personen\/troeger.html\">Claus Tr\u00f6ger<\/a><br \/>\nB\u00fchne und Kost\u00fcme <a title=\"Katja Schindowski\" href=\"https:\/\/www.salzburger-landestheater.at\/de\/personen\/schindowski.html\">Katja Schindowski<\/a><br \/>\nDramaturgie <a title=\"Friederike Bernau\" href=\"https:\/\/www.salzburger-landestheater.at\/de\/personen\/bernau-friederike.html\">Friederike Bernau<\/a><br \/>\nMelli <a title=\"Nikola Rudle\" href=\"https:\/\/www.salzburger-landestheater.at\/de\/personen\/nikola-rudle.html\">Nikola Rudle<\/a><br \/>\nFrau Hannelore Pospischil <a title=\"Britta Bayer\" href=\"https:\/\/www.salzburger-landestheater.at\/de\/personen\/bayer.html\">Britta Bayer<\/a><br \/>\nFrau Fleischer, Adalbert Navratil <a title=\"Sascha Oskar Weis\" href=\"https:\/\/www.salzburger-landestheater.at\/de\/personen\/weis.html\">Sascha Oskar Weis<\/a><br \/>\nNikolaus <a title=\"Hanno Waldner\" href=\"https:\/\/www.salzburger-landestheater.at\/de\/personen\/hanno-waldner.html\">Hanno Waldner<\/a><br \/>\nHeinrich, Polizist <a title=\"Walter Sachers\" href=\"https:\/\/www.salzburger-landestheater.at\/de\/personen\/walter-sachers.html\">Walter Sachers<\/a><\/p>\n<\/div>\n<\/div>\n<\/div>\n<p><strong>Salzburger Landestheater\/Kammerspiele<\/strong>, Schwarzstra\u00dfe 24, 5020 Salzburg<\/p>\n<p><strong>Auff\u00fchrungstermine<\/strong>:<br \/>\n22.3.19 um 19:30 (Premiere)<br \/>\n24.3.19 um 19:00<br \/>\n30.3.19 um 19:00<br \/>\n18.4.19 um 19:30<\/p>\n<p><a href=\"https:\/\/www.salzburger-landestheater.at\/de\/produktionen\/papierwarenpospischil.html\/m=1\">papier.waren.pospischil &#8211; Salzburger Landestheater<\/a><\/p>\n<hr \/>\n<p><strong>Mittwoch, 24. April 2019<\/strong> LESUNG<\/p>\n<p>Lesung beim <strong>JG Kleinkunstabend<\/strong> in Marchtrenk.<\/p>\n<p><strong>Full House Marchtrenk<\/strong>, Goethestra\u00dfe 7, 4614 Marchtrenk, 1. Stock, <strong>19:30<\/strong><\/p>\n<p><a href=\"https:\/\/www.facebook.com\/events\/2478738515473184\/\">FB-Veranstaltung<\/a><\/p>\n<hr \/>\n<p><strong>Donnerstag, 25. April 2019<\/strong> literaTOUR<\/p>\n<p><strong>Theodora Bauer trifft Clemens Setz<\/strong>. Sendungsausstrahlung von <strong>literaTOUR<\/strong>.<\/p>\n<p><strong>ServusTV, 23:25<\/strong> und am<strong> 28.4.<\/strong> um <strong>8:30<\/strong><\/p>\n<p><a href=\"https:\/\/presse.servustv.com\/news-clemens-j-setz-und-die-frage-nach-dem-trost-runder-dinge?id=80818&amp;menueid=8004&amp;l=%C3%B6sterreich\">Theodora Bauer trifft Clemens Setz<\/a><\/p>\n<hr \/>\n<p><strong>Samstag, 27. April 2019<\/strong> LESUNG<\/p>\n<p>Lesung in der Gemeindeb\u00fccherei im Rahmen der Langen Nacht der Bibliotheken.<\/p>\n<p><strong>Gemeindeb\u00fccherei Obersch\u00fctzen,<\/strong>\u00a0Hauptplatz 1, 7432 Obersch\u00fctzen,<strong> ab 19:00<\/strong><\/p>\n<hr \/>\n<p><strong>Freitag, 3. Mai 2019<\/strong> SCHREIBWERKSTATT<\/p>\n<p><strong>Schreibwerkstatt<\/strong> f\u00fcr Kinder und Jugendliche am <strong>Literaturhaus Mattersburg<\/strong>.<\/p>\n<p><strong>Literaturhaus Mattersburg<\/strong>, Brunnenplatz 4, Rathaus 1. Stock, 7210 Mattersburg, 16:00-20:00<\/p>\n<hr \/>\n<p><strong>Donnerstag, 9. Mai bis Sonntag, 12. Mai 2019<\/strong><\/p>\n<p>Feldkircher Literaturtage 2019: heimat denken<\/p>\n<hr \/>\n<p><strong>Freitag, 10. Mai 2019<\/strong> LESUNG<\/p>\n<p>Lesung im Rahmen der <strong>Feldkircher Literaturtage 2019<\/strong> gemeinsam mit <strong>Felix Mitterer<\/strong>. Moderation: <strong>Daniela Strigl<\/strong>.<\/p>\n<p><strong>Theater am Saumarkt<\/strong>, M\u00fchletorplatz 1, 6800 Feldkirch, <strong>20:15<\/strong><\/p>\n<p><a href=\"http:\/\/saumarkt.at\/programm\/felix-mitterer-theodora-bauer-lebenslauf-und-chikago\">Veranstaltung Felix Mitterer und Theodora Bauer<\/a><\/p>\n<hr \/>\n<p><strong>Samstag, 11. Mai 2019<\/strong> GESPR\u00c4CH<\/p>\n<p>Gespr\u00e4ch zum <strong>Thema &#8222;Heimat&#8220;<\/strong> mit <strong>Petra Piuk<\/strong>, <strong>Ijouma Mangold<\/strong> und <strong>Theodora Bauer<\/strong>. Moderation: <strong>Reinhard Johler<\/strong>.<\/p>\n<p><strong>Theater am Saumarkt<\/strong>, M\u00fchletorplatz 1, 6800 Feldkirch, <strong>20:30<\/strong><\/p>\n<hr \/>\n<p><strong>Donnerstag, 23. Mai 2019<\/strong> LESUNG<\/p>\n<p>Lesung aus <strong>&#8222;Chikago&#8220;<\/strong> in der <strong>B\u00fccherei Weisselbad<\/strong>.<\/p>\n<p><strong>B\u00fccherei Weisselbad<\/strong>, <span class=\"location\">Br\u00fcnner Stra\u00dfe 27<\/span>, 1210 Wien, <strong>19:00<\/strong><\/p>\n<p><a href=\"https:\/\/www.buechereien.wien.at\/de\/programm\/veranstaltungskalender\/5597\">Lesung B\u00fccherei Weisselbad<\/a><\/p>\n<hr \/>\n<p><strong>Donnerstag, 23. Mai 2019<\/strong> literaTOUR<\/p>\n<p><strong>Theodora Bauer trifft Marc Elsberg<\/strong>. Sendungsausstrahlung von <strong>literaTOUR<\/strong>.<\/p>\n<p><strong>ServusTV, 23:25<\/strong> und am<strong> 26.5.<\/strong> um <strong>8:30<\/strong><\/p>\n<p><a href=\"https:\/\/presse.servustv.com\/news-als-unterhaltung-getarnte-sachbuecher-theodora-bauer-trifft-marc-elsberg?id=82343&amp;menueid=8004&amp;l=%C3%B6sterreich\">Theodora Bauer trifft Marc Elsberg<\/a><\/p>\n<hr \/>\n<p><strong>Donnerstag, 13. Juni 2019<\/strong> GESPR\u00c4CH<\/p>\n<p><strong>Tea for Three<\/strong>, ein literarisches Kamingespr\u00e4ch. Mit <strong>Daniela Strigl<\/strong>, <strong>Klaus N\u00fcchtern<\/strong> und <strong>Theodora Bauer<\/strong>.<\/p>\n<p><strong>Hauptbibliothek Wien<\/strong>, Veranstaltungssaal 3. OG, Urban-Loritz-Platz 2a, 1070 Wien, <strong>19:30<\/strong><\/p>\n<p><a href=\"https:\/\/www.falter.at\/event\/845062\/tea-for-three-literarisches-kamingesprach\">Tea for Three: Terminank\u00fcndigung im Falter<\/a><\/p>\n<hr \/>\n<p><strong>Donnerstag, 9. August 2019<\/strong> PR\u00c4SENTATION<\/p>\n<p>Ich darf am <strong>Literaturtag<\/strong> mitwirken, an dem es u.a. die <strong>Abschlusspr\u00e4sentation<\/strong> der <strong>treff.text-Schreibzeit<\/strong> f\u00fcr Kinder und Jugendliche zu h\u00f6ren geben wird. Ich werde im Anschluss daran die <strong>SiegerInnentexte<\/strong> des <strong>Lyrik-Prosa-M\u00e4rchenpreises AKUT 19<\/strong> vorlesen.<\/p>\n<p><strong>Sepp&#8217;n Ranch, <\/strong>Oberweitersdorf 22, <span id=\"objektPlz\">4211 <\/span><span id=\"objektOrt\">Alberndorf in der Riedmark, <strong>ab 16:00<\/strong><br \/>\n<\/span><\/p>\n<hr \/>\n<p><strong>Freitag, 10. August 2019<\/strong> LESUNG<\/p>\n<p><strong>&#8222;Frutti Misti&#8220;<\/strong>: <strong>Theodora Bauer<\/strong> liest aus ihren <strong>B\u00fchnenwerken<\/strong> am <strong>Hin&amp;Weg-Theaterfestival<\/strong> in <strong>Litschau<\/strong>.<\/p>\n<p><strong>Kulturbahnhof<\/strong>, Bahnhofsplatz 2, 3874 Litschau, <strong>nachmittags<\/strong><\/p>\n<p><a href=\"http:\/\/www.hinundweg.jetzt\/ereignisse\/autorenlesung-theodora-bauer\/\">Lesung in Litschau<\/a><\/p>\n<hr \/>\n<p>Von <strong>14. bis 30. August 2019<\/strong> werde ich als <strong>Art Scholar<\/strong> am <strong>Forum Alpbach<\/strong> in Tirol zu Gast sein.<\/p>\n<hr \/>\n<p><strong>Dienstag, 3. September 2019<\/strong> RADIO<\/p>\n<p>Live zu Gast bei <strong>Mahlzeit Burgenland<\/strong> auf <strong>Radio Burgenland<\/strong>. Moderation: <strong>Silvia Scherleitner<\/strong><\/p>\n<p><strong>Radio Burgenland, 11:00<\/strong><\/p>\n<hr \/>\n<p><strong>Samstag, 5. September 2019<\/strong> TV<\/p>\n<p>Als <strong>Gast der Woche<\/strong> vertreten bei <strong>Burgenland Heute<\/strong><\/p>\n<p><strong>ORF II\/Burgenland, 19:00<\/strong><\/p>\n<hr \/>\n<p><strong>Freitag, 20. September 2019<\/strong> MODERATION<\/p>\n<p>Moderation der <strong>Release-Party<\/strong> des <strong>Kremayr &amp; Scheriau-Verlags<\/strong>. Vorgestellt werden die neuen Romane von <strong>Irmgard Fuchs<\/strong>, <strong>Gertraud Klemm<\/strong> und <strong>Tonio Schachinger<\/strong>.<\/p>\n<p><strong>phil<\/strong>, Gumpendorfer Stra\u00dfe 10-12, 1060 Wien, <strong>19:00<\/strong><\/p>\n<p><a href=\"https:\/\/www.kremayr-scheriau.at\/event\/release-party-mit-gertraud-klemm-tonio-schachinger-irmgard-fuchs\/\">Release-Party<\/a><\/p>\n<hr \/>\n<p><strong>Freitag, 27. September 2019<\/strong> SCHREIBWORKSHOP<\/p>\n<p><strong>Schreibworkshop<\/strong> f\u00fcr Jugendliche am <strong>Literaturhaus Mattersburg<\/strong>.<\/p>\n<p><a href=\"https:\/\/www.literaturhausmattersburg.at\/programm\/2019\/schreibworkshop-fuer-jugendliche\/\">Schreibworkshop<\/a><\/p>\n<hr \/>\n<p><strong>Donnerstag, 3. Oktober 2019<\/strong> literaTOUR<\/p>\n<p>Sendungsausstrahlung: <strong>Theodora Bauer trifft Marlene Streeruwitz<\/strong>.<\/p>\n<p><strong>ServusTV, 23:25 (WH am 6.10., 8:30)<\/strong><\/p>\n<p><a href=\"https:\/\/presse.servustv.com\/news-literatour-theodora-bauer-trifft-marlene-streeruwitz?id=89208&amp;menueid=11906&amp;l=%C3%B6sterreich\">Theodora Bauer trifft Marlene Streeruwitz<\/a><\/p>\n<hr \/>\n<p><strong>Donnerstag, 10. Oktober 2019<\/strong> literaTOUR<\/p>\n<p>Sendungsausstrahlung: <strong>Theodora Bauer trifft Michael Schottenberg und Gertraud Klemm<\/strong>.<\/p>\n<p><strong>ServusTV, 23:25 (WH am 13.10., 8:30)<\/strong><\/p>\n<p><a href=\"https:\/\/presse.servustv.com\/news-literatour-theodora-bauer-trifft-michael-schottenberg-und-gertraud-klemm?id=90497&amp;menueid=11906&amp;l=%C3%B6sterreich\">Theodora Bauer trifft Michael Schottenberg und Gertraud Klemm<\/a><\/p>\n<hr \/>\n<p><strong>Montag, 14. und Dienstag, 15. Oktober 2019<\/strong> LESUNG<\/p>\n<p><strong>F\u00fcnf Schullesungen<\/strong> im Rahmen der <strong>Buchwochen<\/strong> am <strong>Offenen Haus Oberwart<\/strong>.<\/p>\n<hr \/>\n<p><strong>Donnerstag, 17. Oktober 2019<\/strong> LESUNG<\/p>\n<p>Lesung im Rahmen der <strong>&#8222;\u00d6sterreich liest&#8220;-Woche<\/strong> am <strong>BG\/BRG\/BORG Kurzwiese in Eisenstadt<\/strong>.<\/p>\n<hr \/>\n<p><strong>Donnerstag, 17. Oktober 2019<\/strong> WS-AUFTAKT\/LESUNG<\/p>\n<p><strong>Workshopauftakt<\/strong> zu den im Rahmen des <strong>&#8222;texte. Preis f\u00fcr junge Literatur&#8220;<\/strong> stattfindenden Werkst\u00e4tten. <strong>AutorInnenlesung<\/strong> der WS-LeiterInnen. Es lesen: <strong>Franzobel, Theodora Bauer, Radek Knapp, Gustav Ernst, Mieze Medusa, Florian Gantner<\/strong>.<\/p>\n<p><strong>Spektakel<\/strong>, <span class=\"LrzXr\">Hamburgerstra\u00dfe 14, 1050 Wien<\/span>, <strong>18:00<\/strong><\/p>\n<p><a href=\"https:\/\/texte.wien\/veranstaltungen.html\">Auftaktveranstaltung<\/a><\/p>\n<hr \/>\n<p><strong>Donnerstag, 17. Oktober 2019<\/strong> literaTOUR<\/p>\n<p>Sendungsausstrahlung: <strong>Theodora Bauer trifft Raoul Schrott<\/strong>.<\/p>\n<p><strong>ServusTV, 23:25 (WH am 20.10., 8:30)<\/strong><\/p>\n<p><a href=\"https:\/\/www.servus.com\/tv\/videos\/aa-1yc7emp3s1w12\/\">Theodora Bauer trifft Raoul Schrott<\/a><\/p>\n<hr \/>\n<p><strong>Freitag, 18. Oktober 2019<\/strong> LESUNG<\/p>\n<p>Lesung aus <strong>&#8222;Chikago&#8220;<\/strong> im Rahmen des <strong>Festaktes &#8222;30 Jahre \u00d6sterreich-Bibliothek in Szombathely&#8220;<\/strong> am <strong>Campus Savaria der ELTE-Universit\u00e4t<\/strong> in <strong>Szombathely<\/strong>.<\/p>\n<p>Diese Veranstaltung findet mit Unterst\u00fctzung des <strong>\u00d6sterreichischen Kulturforums Budapest<\/strong> und der <strong>\u00d6sterreich-Bibliothek Szombathely<\/strong> statt.<\/p>\n<p><strong>ELTE Campus Savaria<\/strong>, Universit\u00e4tsbibliothek, Vortragssaal, Erdgescho\u00df, <strong>15:00<\/strong><\/p>\n<p><a href=\"https:\/\/www.bmeia.gv.at\/kf-budapest\/veranstaltungen\/detail\/article\/festakt-30-jahre-oesterreich-bibliothek-in-szombathely-und-lesung-mit-theodora-bauer\/\">Festakt und Lesung<\/a><\/p>\n<hr \/>\n<p><strong>Mittwoch, 23. Oktober 2019<\/strong> AUSSTELLUNG<\/p>\n<p>Ich bin im Rahmen der <strong>19892019 KEX OPEN<\/strong>,<br \/>\ndem <strong>seriellen Programm zu drei\u00dfig Jahre Kunsthalle Exnergasse<\/strong>, im <strong>WUK<\/strong> in der Ausstellung <strong>&#8222;Let&#8217;s Twist Again&#8220;<\/strong> zu Gast und schreibe dar\u00fcber einen Text, der ab <strong>30. Oktober 2019<\/strong> ebenfalls in der Exnergasse ausgestellt wird. Das Projekt ist eine Kooperation mit der <strong>schule f\u00fcr dichtung<\/strong>.<\/p>\n<p><span class=\"text-primary\"><strong>Kunsthalle Exnergasse <\/strong>im WUK, <\/span>W\u00e4hringer Stra\u00dfe 59, 1090 Wien<\/p>\n<p>19:00 Einlass, 19:15 Prolog von <strong>Carola Dertnig<\/strong> und <strong>Stefanie Seibold<\/strong>, 19:30 K\u00fcnstlerische Intervention von <strong>Olga Sosnovskaya<\/strong>, 20:00 Epilog\/Informeller Ausklang, 21:00 Ende<\/p>\n<p><a href=\"https:\/\/www.wuk.at\/programm\/2019\/lets-twist-again\/\">Let&#8217;s Twist Again<\/a><\/p>\n<hr \/>\n<p><strong>Donnerstag, 24. Oktober 2019<\/strong> WORKSHOP<\/p>\n<p>Workshop im Rahmen von <strong>&#8222;texte. Preis f\u00fcr junge Literatur&#8220;.<\/strong><\/p>\n<hr \/>\n<p><strong>Mittwoch, 30. Oktober 2019<\/strong> PR\u00c4SENTATION<\/p>\n<p>Erstpr\u00e4sentation des Sammelbandes <strong>&#8222;Kinder der Poesie&#8220;<\/strong> (Hrsg.: <strong>Barbara Rieger<\/strong> und <strong>Alain Barbero<\/strong>), zu dem auch ich einen Text beigesteuert habe.<\/p>\n<p><strong>Wienbibliothek im Rathaus<\/strong>, Rathaus, Eingang Lichtenfelsgasse 2, 1010 Wien, Stiege 6 (Glaslift), 1. Stock, Lesesaal, <strong>19:00<\/strong><\/p>\n<p><a href=\"https:\/\/www.kremayr-scheriau.at\/event\/erstpraesentation-kinder-der-poesie\/\">Erstpr\u00e4sentation<\/a><\/p>\n<hr \/>\n<p><strong>Freitag, 8. November 2019<\/strong> SCHREIBWORKSHOP<\/p>\n<p><strong>Schreibworkshop f\u00fcr Jugendliche<\/strong> am <strong>Literaturhaus Mattersburg<\/strong>.<\/p>\n<p><a href=\"https:\/\/www.literaturhausmattersburg.at\/programm\/2019\/schreibworkshop-fuer-jugendliche\/\">Schreibworkshop<\/a><\/p>\n<hr \/>\n<p><strong>Donnerstag, 14. November 2019<\/strong> GESPR\u00c4CH<\/p>\n<p>Ich bin zu Gast bei <strong>Fritz Ostermayers<\/strong> musikalischer Gespr\u00e4chsreihe <strong>&#8222;Ein Album f\u00fcr die Ewigkeit&#8220;<\/strong>.<\/p>\n<p><strong>Schauspielhaus\/Nachbarhaus<\/strong>, Porzellangasse 19, 1090 Wien, <strong>20:00<\/strong><\/p>\n<p><a href=\"https:\/\/sfd.at\/newsflash\/ein-album-fuer-die-ewigkeit-36\">Ein Album f\u00fcr die Ewigkeit<\/a><\/p>\n<hr \/>\n<p>Von <strong>Mitte November 2019<\/strong> bis <strong>Mitte\/Ende J\u00e4nner 2020<\/strong> bin ich auf einem <strong>Schreibaufenthalt<\/strong> am <strong>Deutschen Haus der New York University<\/strong> in <strong>New York City<\/strong>.<\/p>\n<hr \/>\n<p><strong>Donnerstag, 28. November 2019<\/strong> literaTOUR<\/p>\n<p>Sendungsausstrahlung: <strong>Theodora Bauer trifft Alex Beer<\/strong>.<\/p>\n<p><strong>ServusTV, 23:25 (WH am 1.12., 8:30)<\/strong><\/p>\n<hr \/>\n<p><strong>Donnerstag, 12. Dezember 2019<\/strong> literaTOUR<\/p>\n<p>Sendungsausstrahlung: <strong>Theodora Bauer trifft Andreas Gruber<\/strong>.<\/p>\n<p><strong>ServusTV, 23:25 (WH am 15.12., 8:30)<\/strong><\/p>\n<hr \/>\n<h1><strong>2020<\/strong><\/h1>\n<hr \/>\n<\/div>\n<p><b>Dienstag, 21. J\u00e4nner 2020<\/b> LESUNG<\/p>\n<p><b>Alte Schmiede<\/b>, Sch\u00f6nlaterngasse 9, 1010 Wien, <b>19:00<\/b><\/p>\n<p><a class=\"moz-txt-link-freetext\" href=\"https:\/\/www.alte-schmiede.at\/programm\/2020-21-01-1900-2\/\">Lesung Alte Schmiede<\/a><\/p>\n<hr \/>\n<p><strong>Freitag, 28. Februar 2020<\/strong> WORKSHOP<\/p>\n<p><strong>Schreibworkshop<\/strong> f\u00fcr Kinder und Jugendliche am <strong>Literaturhaus Mattersburg<\/strong><\/p>\n<p>N\u00e4heres auf der <a href=\"https:\/\/www.literaturhausmattersburg.at\/\">Homepage des Literaturhauses<\/a><\/p>\n<hr \/>\n<p><strong>!!! ABGESAGT !!!<\/strong><\/p>\n<p><strong>Montag, 23. M\u00e4rz 2020<\/strong> MODERATION<\/p>\n<p>Moderation eines <strong>Kamingespr\u00e4ches<\/strong> f\u00fcr den <strong>Club Alpbach Burgenland<\/strong>.<\/p>\n<p><strong>tba<\/strong><\/p>\n<hr \/>\n<p><strong>Donnerstag, 26. M\u00e4rz 2020<\/strong> literaTOUR<\/p>\n<p>Sendungsausstrahlung: <strong>Theodora Bauer trifft Monika Helfer<\/strong><\/p>\n<p><strong>Servus TV, 22:55<\/strong><\/p>\n<hr \/>\n<p><strong>!!! ABGESAGT !!!<\/strong><\/p>\n<p><strong>Donnerstag, 23. April 2020<\/strong> MODERATION<\/p>\n<p>Moderation eines <strong>Gespr\u00e4chs mit Christian Rainer<\/strong> im Rahmen einer Feier des <strong>HVB<\/strong> zum <strong>&#8222;Welttag des Buches&#8220;<\/strong>.<\/p>\n<p><strong>Hauptverband des \u00d6sterreichischen Buchhandels<\/strong>, Gr\u00fcnangergasse 4, Bibliothek im 1. Stock, 1010 Wien, <strong>ab 18:30<\/strong><\/p>\n<hr \/>\n<p><strong>Donnerstag, 23. April 2020<\/strong> literaTOUR<\/p>\n<p>Sendungsausstrahlung: <strong>literaTOUR-Sondersendung aus der Quarant\u00e4ne<br \/>\n<\/strong><\/p>\n<p><strong>Servus TV, 23:25<\/strong><\/p>\n<hr \/>\n<p><strong>Dienstag, 28. April 2020<\/strong> LESUNG<\/p>\n<p><strong>Digitale Lesung<\/strong> am YouTube-Kanal des <strong>\u00d6sterreichischen Kulturforums Budapest<\/strong>. Abrufbar unter: <a href=\"https:\/\/www.youtube.com\/watch?v=4t4aXai75Pw\">Lesung Theodora Bauer<\/a><\/p>\n<hr \/>\n<p><strong>Donnerstag, 9. Juli 2020<\/strong> literaTOUR<\/p>\n<p>Sendungsausstrahlung: <strong>Theodora Bauer trifft Hubert von Goisern<br \/>\n<\/strong><\/p>\n<p><strong>Servus TV, 23:25<\/strong><\/p>\n<hr \/>\n<p><strong>Freitag, 10. Juli 2020<\/strong> LESUNG<\/p>\n<p>Lesung gemeinsam mit <strong>Katharina Tiwald<\/strong> im Rahmen des <strong>Kultursommers Wien &#8211; Wien dreht auf!<\/strong> auf Einladung der <strong>schule f\u00fcr dichtung wien<\/strong>.<\/p>\n<p><strong>Nietzscheplatz<\/strong>, 1160 Wien, <strong>18:00<\/strong><\/p>\n<hr \/>\n<p><strong>Donnerstag, 23. Juli 2020<\/strong> literaTOUR<\/p>\n<p>Sendungsausstrahlung: <strong>Theodora Bauer trifft Felix Mitterer<br \/>\n<\/strong><\/p>\n<p><strong>Servus TV, 23:25<\/strong><\/p>\n<hr \/>\n<p><strong>Dienstag, 25.7.2020<\/strong> LESUNG<\/p>\n<p>Auf Einladung des C<strong>lub Alpbach Burgenland<\/strong>. Mit: <strong>Theodora Bauer, Michael Heckenast, Konstantin Schmidbauer, Konstantin Vlasich<\/strong>. Musik: <strong>Flora Gei\u00dfelbrecht<\/strong> und <strong>Anna Maria Niemiec<\/strong>.<\/p>\n<hr \/>\n<p><strong>Pulverturm<\/strong>, Lionsplatz 1, 7000 Eisenstadt, <strong>18:00<\/strong><\/p>\n<hr \/>\n<p><strong>Donnerstag, 27.8.2020<\/strong> MODERATION<\/p>\n<p><strong>Textstationen<\/strong>: Moderation einer <strong>Lesewanderung<\/strong> mit Lesungen der Teilnehmenden der\u00a0 <strong>Jugendschreibwerkstatt<\/strong>, die ich am <strong>Literaturhaus Mattersburg<\/strong> leite. Nach einer Pause folgen Texte der Teilnehmenden der <strong>Schreibinitiative<\/strong> in der <strong>Bauernm\u00fchle Mattersburg<\/strong>.<\/p>\n<p><strong>Treffpunkt Rathaus Mattersburg<\/strong>, Brunnenplatz 4, 7210 Mattersburg, <strong>18:00<\/strong><\/p>\n<p><strong>Begrenzte Teilnahmezahl<\/strong>, Reservierungen unter office@literaturhausmattersburg.at<\/p>\n<hr \/>\n<p><strong>Donnerstag, 8. Oktober 2020<\/strong> literaTOUR<\/p>\n<p>Sendungsausstrahlung: <strong>Theodora Bauer trifft Ilija Trojanow<\/strong>.<\/p>\n<p><strong>ServusTV, 23:25 (WH am 11.10., 9:25)<\/strong><\/p>\n<hr \/>\n<p><strong>Mittwoch, 14. Oktober 2020<\/strong> LESUNG<\/p>\n<p><strong>Virtuelle Lesung<\/strong> im Rahmen eines <strong>KulturKontaktAustria-Projekts<\/strong> an der <strong>HTL Pinkafeld<\/strong><\/p>\n<hr \/>\n<p><strong>Donnerstag, 15. Oktober 2020<\/strong> literaTOUR<\/p>\n<p>Sendungsausstrahlung: <strong>Theodora Bauer trifft Ildik\u00f3 von K\u00fcrthy<\/strong>.<\/p>\n<p><strong>ServusTV, 23:25 (WH am 18.10., 9:25)<\/strong><\/p>\n<hr \/>\n<p><strong>Donnerstag, 3. Dezember 2020<\/strong> literaTOUR<\/p>\n<p>Sendungsausstrahlung: <strong>Theodora Bauer trifft Radek Knapp<\/strong>.<\/p>\n<p><strong>ServusTV, 23:25 (WH am 6.12., 9:25)<\/strong><\/p>\n<hr \/>\n<p><strong>Donnerstag, 10. Dezember 2020<\/strong> literaTOUR<\/p>\n<p>Sendungsausstrahlung: <strong>Theodora Bauer trifft Peter Stamm<\/strong>.<\/p>\n<p><strong>ServusTV, 23:25 (WH am 13.12., 9:25)<\/strong><\/p>\n<hr \/>\n","protected":false},"excerpt":{"rendered":"<p class=\"excerpt\">2014 13. M\u00e4rz 2014 LINZER SALON Lesung im Linzer Salon zur Buchmesse Leipzig Moderation: Constanze John Stern des S\u00fcdens, Karl-Liebkencht-Stra\u00dfe 102, 04275 Leipzig, 20:00 Donnerstag, 13. M\u00e4rz 2014 LANGE LEIPZIGER LESENACHT Lesung im Rahmen von L3 &#8211; Lange Leipziger Lesenacht Moritzbastei, Universit\u00e4tsstra\u00dfe 9, 04109 Leipzig, 21.00 Freitag, 14. M\u00e4rz 2014 LESUNG \/ LESEREISE LEIPZIGER BUCHMESSE \u00d6sterreich Caf\u00e9, Messe-Allee 1, 04356&hellip; <a href=\"https:\/\/theodorabauer.at\/?page_id=322\">Read more &rarr;<\/a><\/p>\n","protected":false},"author":2,"featured_media":0,"parent":0,"menu_order":0,"comment_status":"closed","ping_status":"open","template":"","meta":{"footnotes":""},"_links":{"self":[{"href":"https:\/\/theodorabauer.at\/index.php?rest_route=\/wp\/v2\/pages\/322"}],"collection":[{"href":"https:\/\/theodorabauer.at\/index.php?rest_route=\/wp\/v2\/pages"}],"about":[{"href":"https:\/\/theodorabauer.at\/index.php?rest_route=\/wp\/v2\/types\/page"}],"author":[{"embeddable":true,"href":"https:\/\/theodorabauer.at\/index.php?rest_route=\/wp\/v2\/users\/2"}],"replies":[{"embeddable":true,"href":"https:\/\/theodorabauer.at\/index.php?rest_route=%2Fwp%2Fv2%2Fcomments&post=322"}],"version-history":[{"count":54,"href":"https:\/\/theodorabauer.at\/index.php?rest_route=\/wp\/v2\/pages\/322\/revisions"}],"predecessor-version":[{"id":1543,"href":"https:\/\/theodorabauer.at\/index.php?rest_route=\/wp\/v2\/pages\/322\/revisions\/1543"}],"wp:attachment":[{"href":"https:\/\/theodorabauer.at\/index.php?rest_route=%2Fwp%2Fv2%2Fmedia&parent=322"}],"curies":[{"name":"wp","href":"https:\/\/api.w.org\/{rel}","templated":true}]}}